{"id":5174,"date":"2025-01-17T12:36:26","date_gmt":"2025-01-17T12:36:26","guid":{"rendered":"https:\/\/akys.kapsi.fi\/wordpress\/?page_id=5174"},"modified":"2025-05-16T07:47:58","modified_gmt":"2025-05-16T07:47:58","slug":"vetoomukset-2","status":"publish","type":"page","link":"https:\/\/akys.kapsi.fi\/wordpress\/vetoomukset-2\/","title":{"rendered":"Vetoomukset ja kannanotot"},"content":{"rendered":"<ul class=\"wp-block-latest-posts__list has-dates wp-block-latest-posts\"><li><a class=\"wp-block-latest-posts__post-title\" href=\"https:\/\/akys.kapsi.fi\/wordpress\/kansalaisjarjestot-eu-israel-assosiaatiosopimuksen-jaadyttamatta-jattaminen-loukkaa-eun-perustavanlaatuisia-ihmisoikeussitoumuksia\/\">Kansalaisj\u00e4rjest\u00f6t: EU-Israel -assosiaatiosopimuksen j\u00e4\u00e4dytt\u00e4m\u00e4tt\u00e4 j\u00e4tt\u00e4minen loukkaa EU:n perustavanlaatuisia ihmisoikeussitoumuksia<\/a><time datetime=\"2026-04-29T11:06:20+00:00\" class=\"wp-block-latest-posts__post-date\">29.4.2026<\/time><div class=\"wp-block-latest-posts__post-excerpt\">Kes\u00e4kuussa 2025 EU:n ulkoasiainhallinto laati j\u00e4senmaiden piiriss\u00e4 laajasti levinneen raportin, jossa todettiin Israelin loukanneen r\u00e4ike\u00e4sti kansainv\u00e4list\u00e4 ihmisoikeuksia koskevaa lakia ja kansainv\u00e4list\u00e4 humanitaarista oikeutta sek\u00e4 mahdollisesti EU:n ja Israelin v\u00e4lisen assosiaatiosopimuksen pyk\u00e4l\u00e4\u00e4 2, &hellip; <p class=\"link-more\"><a href=\"https:\/\/akys.kapsi.fi\/wordpress\/kansalaisjarjestot-eu-israel-assosiaatiosopimuksen-jaadyttamatta-jattaminen-loukkaa-eun-perustavanlaatuisia-ihmisoikeussitoumuksia\/\" class=\"more-link\">Jatka lukemista<span class=\"screen-reader-text\"> &#8221;Kansalaisj\u00e4rjest\u00f6t: EU-Israel -assosiaatiosopimuksen j\u00e4\u00e4dytt\u00e4m\u00e4tt\u00e4 j\u00e4tt\u00e4minen loukkaa EU:n perustavanlaatuisia ihmisoikeussitoumuksia&#8221;<\/span><\/a><\/p><\/div><\/li>\n<li><a class=\"wp-block-latest-posts__post-title\" href=\"https:\/\/akys.kapsi.fi\/wordpress\/israelin-laki-kuolemanrangaistuksesta-kiireellisia-toimia-vaaditaan\/\">Israelin laki kuolemanrangaistuksesta &#8211; kiireellisi\u00e4 toimia vaaditaan<\/a><time datetime=\"2026-04-09T08:45:33+00:00\" class=\"wp-block-latest-posts__post-date\">9.4.2026<\/time><div class=\"wp-block-latest-posts__post-excerpt\">Osana European Coordination of Committees and Associations for Palestine (ECCP) -verkoston kampanjaa Arabikansojen yst\u00e4vyysseura on yhdess\u00e4 Sumud \u2013 Suomen Palestiina-verkoston kanssa l\u00e4hett\u00e4nyt 9.4.2026 alla olevan kirjeen p\u00e4\u00e4ministerille ja ulkoministerille. P\u00e4\u00e4ministeri Petteri OrpoUlkoministeri &hellip; <p class=\"link-more\"><a href=\"https:\/\/akys.kapsi.fi\/wordpress\/israelin-laki-kuolemanrangaistuksesta-kiireellisia-toimia-vaaditaan\/\" class=\"more-link\">Jatka lukemista<span class=\"screen-reader-text\"> &#8221;Israelin laki kuolemanrangaistuksesta &#8211; kiireellisi\u00e4 toimia vaaditaan&#8221;<\/span><\/a><\/p><\/div><\/li>\n<li><a class=\"wp-block-latest-posts__post-title\" href=\"https:\/\/akys.kapsi.fi\/wordpress\/kidutus-ja-kansanmurha\/\">Kidutus ja kansanmurha<\/a><time datetime=\"2026-04-05T08:57:36+00:00\" class=\"wp-block-latest-posts__post-date\">5.4.2026<\/time><div class=\"wp-block-latest-posts__post-excerpt\">YK:n miehitettyjen palestiinalaisalueiden erityisraportoijan Francesca Albanesen uusin raportti \u2018Kidutus ja kansanmurha\u2019. Raportissa erityisraportoija selvitt\u00e4\u00e4 Israelin miehitetyill\u00e4 palestiinalaisalueilla 7.10.2023 alkaen palestiinalaisiin kohdistamaa j\u00e4rjestelm\u00e4llist\u00e4 kidutuksen k\u00e4ytt\u00f6\u00e4, johon kuuluu kansanmurhan kynnyksen ylitt\u00e4vi\u00e4 k\u00e4yt\u00e4nt\u00f6j\u00e4. Kidutuksesta on &hellip; <p class=\"link-more\"><a href=\"https:\/\/akys.kapsi.fi\/wordpress\/kidutus-ja-kansanmurha\/\" class=\"more-link\">Jatka lukemista<span class=\"screen-reader-text\"> &#8221;Kidutus ja kansanmurha&#8221;<\/span><\/a><\/p><\/div><\/li>\n<li><a class=\"wp-block-latest-posts__post-title\" href=\"https:\/\/akys.kapsi.fi\/wordpress\/suomen-toimittava-lansirannan-anneksaation-estamiseksi-ja-torjuttava-hyokkaykset-ykn-erityisraportoijaa-vastaan\/\">Suomen toimittava L\u00e4nsirannan anneksaation est\u00e4miseksi ja torjuttava hy\u00f6kk\u00e4ykset YK:n erityisraportoijaa vastaan<\/a><time datetime=\"2026-02-17T18:53:30+00:00\" class=\"wp-block-latest-posts__post-date\">17.2.2026<\/time><div class=\"wp-block-latest-posts__post-excerpt\">Arabikansojen yst\u00e4vyysseura on l\u00e4hett\u00e4nyt 17.2.2026 alla olevan kirjeen ulkoministerille. Ulkoministeri Elina Valtonen Olemme panneet tyydytyksell\u00e4 merkille Israelin\/Palestiinan-vierailunne yhteydess\u00e4 pidetyss\u00e4 tiedotustilaisuudessa esitt\u00e4m\u00e4nne Israelin viimeaikaiset miehitettyyn L\u00e4nsirantaan kohdistuvat toimet tuomitsevat sanat. Viime vuosina siirtokuntalaisten &hellip; <p class=\"link-more\"><a href=\"https:\/\/akys.kapsi.fi\/wordpress\/suomen-toimittava-lansirannan-anneksaation-estamiseksi-ja-torjuttava-hyokkaykset-ykn-erityisraportoijaa-vastaan\/\" class=\"more-link\">Jatka lukemista<span class=\"screen-reader-text\"> &#8221;Suomen toimittava L\u00e4nsirannan anneksaation est\u00e4miseksi ja torjuttava hy\u00f6kk\u00e4ykset YK:n erityisraportoijaa vastaan&#8221;<\/span><\/a><\/p><\/div><\/li>\n<li><a class=\"wp-block-latest-posts__post-title\" href=\"https:\/\/akys.kapsi.fi\/wordpress\/eurooppalainen-kansalaisaloite-ei-kauppaa-rikollisten-kanssa\/\">Eurooppalainen kansalaisaloite &#8221;Ei kauppaa rikollisten kanssa&#8221;<\/a><time datetime=\"2026-01-26T14:59:17+00:00\" class=\"wp-block-latest-posts__post-date\">26.1.2026<\/time><div class=\"wp-block-latest-posts__post-excerpt\">Allekirjoita eurooppalainen kansalaisaloite EU\/Israel-assosiaatiosopimuksen j\u00e4\u00e4dytt\u00e4miseksi &#8221;Ei kauppaa rikollisten kanssa&#8221;. Jos aloite saa miljoona allekirjoitusta, EU-parlamentin on otettava se k\u00e4sittelyyn. Mit\u00e4 enemm\u00e4n allekirjoituksia, sit\u00e4 enemm\u00e4n aloitteella on painoa. Allekirjoitukset eiv\u00e4t ole julkisia. https:\/\/www.justiceforpalestine.eu\/fi<\/div><\/li>\n<li><a class=\"wp-block-latest-posts__post-title\" href=\"https:\/\/akys.kapsi.fi\/wordpress\/vetoomus-palestiinalaisten-suojelemiseksi\/\">Vetoomus palestiinalaisten suojelemiseksi<\/a><time datetime=\"2025-11-04T06:59:56+00:00\" class=\"wp-block-latest-posts__post-date\">4.11.2025<\/time><div class=\"wp-block-latest-posts__post-excerpt\">Arabikansojen yst\u00e4vyysseura on l\u00e4hett\u00e4nyt 4.11.2025 Ulkoministeri\u00f6\u00f6n ja tiedoksi Tasavallan presidentin kansliaan vetoomuksen, jossa vaaditaan Suomea edist\u00e4m\u00e4\u00e4n kansainv\u00e4lisi\u00e4 kollektiivisia toimia ja kansainv\u00e4listen suojajoukkojen l\u00e4hett\u00e4mist\u00e4 palestiinalaisten suojelemiseksi. Ulkoministeri Elina Valtonen Gazassa meneill\u00e4\u00e4n oleva heiver\u00f6inen &hellip; <p class=\"link-more\"><a href=\"https:\/\/akys.kapsi.fi\/wordpress\/vetoomus-palestiinalaisten-suojelemiseksi\/\" class=\"more-link\">Jatka lukemista<span class=\"screen-reader-text\"> &#8221;Vetoomus palestiinalaisten suojelemiseksi&#8221;<\/span><\/a><\/p><\/div><\/li>\n<li><a class=\"wp-block-latest-posts__post-title\" href=\"https:\/\/akys.kapsi.fi\/wordpress\/suomen-tuettava-konkreettisia-toimia-gazan-kansanmurhan-pysayttamiseksi-ja-palestiinalaisten-oikeuksien-toteutumiseksi\/\">Suomen tuettava konkreettisia toimia Gazan kansanmurhan pys\u00e4ytt\u00e4miseksi ja palestiinalaisten oikeuksien toteutumiseksi<\/a><time datetime=\"2025-10-08T12:07:55+00:00\" class=\"wp-block-latest-posts__post-date\">8.10.2025<\/time><div class=\"wp-block-latest-posts__post-excerpt\">Arabikansojen yst\u00e4vyysseura on l\u00e4hett\u00e4nyt 8.10.2025 kirjeen ulkoministerille. Ulkoministeri Elina Valtonen EU:n ulkoasiainneuvosto kokoontuu 20.10. j\u00e4lleen kerran keskustelemaan EU:n ja Israelin v\u00e4lisest\u00e4 assosiaatiosopimuksesta. T\u00e4ss\u00e4 ratkaisevassa kokouksessa testataan EU:n kyky toimia arvojensa mukaisesti. Kansainv\u00e4linen &hellip; <p class=\"link-more\"><a href=\"https:\/\/akys.kapsi.fi\/wordpress\/suomen-tuettava-konkreettisia-toimia-gazan-kansanmurhan-pysayttamiseksi-ja-palestiinalaisten-oikeuksien-toteutumiseksi\/\" class=\"more-link\">Jatka lukemista<span class=\"screen-reader-text\"> &#8221;Suomen tuettava konkreettisia toimia Gazan kansanmurhan pys\u00e4ytt\u00e4miseksi ja palestiinalaisten oikeuksien toteutumiseksi&#8221;<\/span><\/a><\/p><\/div><\/li>\n<li><a class=\"wp-block-latest-posts__post-title\" href=\"https:\/\/akys.kapsi.fi\/wordpress\/vetoomus-kansanedustajille-gazan-ja-palestiinalaisten-itsemaaraamisoikeuden-pelastamiseksi\/\">Vetoomus kansanedustajille Gazan ja palestiinalaisten itsem\u00e4\u00e4r\u00e4\u00e4misoikeuden pelastamiseksi<\/a><time datetime=\"2025-09-28T12:22:13+00:00\" class=\"wp-block-latest-posts__post-date\">28.9.2025<\/time><div class=\"wp-block-latest-posts__post-excerpt\">Eduskunnassa k\u00e4yd\u00e4\u00e4n 30.9.2025 v\u00e4likysymyskeskustelu Palestiinan valtion tunnustamisesta. Arabikansojen yst\u00e4vyysseura on l\u00e4hett\u00e4nyt 28.9.2025 kirjeen kaikille eduskuntaryhmille. Eduskunnalle Gazan asukkaille elint\u00e4rke\u00e4\u00e4 l\u00e4\u00e4ketieteellist\u00e4 apua antanut kansainv\u00e4linen humanitaarinen j\u00e4rjest\u00f6 L\u00e4\u00e4k\u00e4rit ilman rajoja on joutunut keskeytt\u00e4m\u00e4\u00e4n toimintansa &hellip; <p class=\"link-more\"><a href=\"https:\/\/akys.kapsi.fi\/wordpress\/vetoomus-kansanedustajille-gazan-ja-palestiinalaisten-itsemaaraamisoikeuden-pelastamiseksi\/\" class=\"more-link\">Jatka lukemista<span class=\"screen-reader-text\"> &#8221;Vetoomus kansanedustajille Gazan ja palestiinalaisten itsem\u00e4\u00e4r\u00e4\u00e4misoikeuden pelastamiseksi&#8221;<\/span><\/a><\/p><\/div><\/li>\n<li><a class=\"wp-block-latest-posts__post-title\" href=\"https:\/\/akys.kapsi.fi\/wordpress\/kansainvalinen-oikeus-velvoittaa-suomea-toimimaan-gazan-ja-palestiinalaisten-itsemaaraamisoikeuden-pelastamiseksi\/\">Kansainv\u00e4linen oikeus velvoittaa Suomea toimimaan Gazan ja palestiinalaisten itsem\u00e4\u00e4r\u00e4\u00e4misoikeuden pelastamiseksi<\/a><time datetime=\"2025-09-14T16:05:14+00:00\" class=\"wp-block-latest-posts__post-date\">14.9.2025<\/time><div class=\"wp-block-latest-posts__post-excerpt\">Arabikansojen yst\u00e4vyysseura on l\u00e4hett\u00e4nyt 14.9.2025 alla olevan kirjeen valtioneuvostolle Valtioneuvosto Seuramme on Gazan sodan ajan ker\u00e4nnyt ja toimittanut tukea yhteisty\u00f6kumppanillemme Palestine Medical Relief Societylle (PMRS), joka on yksi harvoista Gazassa viel\u00e4 toimivista &hellip; <p class=\"link-more\"><a href=\"https:\/\/akys.kapsi.fi\/wordpress\/kansainvalinen-oikeus-velvoittaa-suomea-toimimaan-gazan-ja-palestiinalaisten-itsemaaraamisoikeuden-pelastamiseksi\/\" class=\"more-link\">Jatka lukemista<span class=\"screen-reader-text\"> &#8221;Kansainv\u00e4linen oikeus velvoittaa Suomea toimimaan Gazan ja palestiinalaisten itsem\u00e4\u00e4r\u00e4\u00e4misoikeuden pelastamiseksi&#8221;<\/span><\/a><\/p><\/div><\/li>\n<li><a class=\"wp-block-latest-posts__post-title\" href=\"https:\/\/akys.kapsi.fi\/wordpress\/paine-israelia-kohtaan-kasvaa-mita-tekee-suomi\/\">Paine Israelia kohtaan kasvaa \u2013 Mit\u00e4 tekee Suomi?<\/a><time datetime=\"2025-08-14T06:56:00+00:00\" class=\"wp-block-latest-posts__post-date\">14.8.2025<\/time><div class=\"wp-block-latest-posts__post-excerpt\">Finnwatch on aloittanut kampanjan Israelin laittomien siirtokuntien tuotteiden maahantuonnin kielt\u00e4miseksi, mik\u00e4 on my\u00f6s AKYSin tavoite. Toivottavasti mahdollisimman moni allekirjoittaa vetoomuksen ja jakaa sit\u00e4 eteenp\u00e4in. https:\/\/www.finnwatch.org\/fi\/siirtokuntatuotteiden-tuonti-kiellettava?utm_source=mailchimp&amp;utm_campaign=siirtokuntatuotteet&amp;utm_medium=email<\/div><\/li>\n<li><a class=\"wp-block-latest-posts__post-title\" href=\"https:\/\/akys.kapsi.fi\/wordpress\/palestiinan-tunnustamisessa-ei-saa-viivytella\/\">Palestiinan tunnustamisessa ei saa viivytell\u00e4<\/a><time datetime=\"2025-08-01T04:50:10+00:00\" class=\"wp-block-latest-posts__post-date\">1.8.2025<\/time><div class=\"wp-block-latest-posts__post-excerpt\">Arabikansojen yst\u00e4vyysseura on l\u00e4hett\u00e4nyt 1.8.2025 presidentille, p\u00e4\u00e4ministerille ja ulkoministerille kirjeen, jossa kehoitetaan olemaan viivyttelem\u00e4tt\u00e4 Palestiinan valtion tunnustamisessa. Tasavallan presidentti Alexander Stubb, p\u00e4\u00e4ministeri Petteri Orpo, ulkoministeri Elina Valtonen Kiitos Suomelle siit\u00e4, ett\u00e4 se &hellip; <p class=\"link-more\"><a href=\"https:\/\/akys.kapsi.fi\/wordpress\/palestiinan-tunnustamisessa-ei-saa-viivytella\/\" class=\"more-link\">Jatka lukemista<span class=\"screen-reader-text\"> &#8221;Palestiinan tunnustamisessa ei saa viivytell\u00e4&#8221;<\/span><\/a><\/p><\/div><\/li>\n<li><a class=\"wp-block-latest-posts__post-title\" href=\"https:\/\/akys.kapsi.fi\/wordpress\/elbit-pidettava-poissulkulistalla\/\">Elbit pidett\u00e4v\u00e4 poissulkulistalla<\/a><time datetime=\"2025-07-29T06:25:27+00:00\" class=\"wp-block-latest-posts__post-date\">29.7.2025<\/time><div class=\"wp-block-latest-posts__post-excerpt\">Arabikansojen yst\u00e4vyysseura on l\u00e4hett\u00e4nyt 29.7.2027 OP-ryhm\u00e4lle vastuullista sijoittamista koskevan kirjeen. OP-ryhm\u00e4 Osuuspankkiryhm\u00e4 on p\u00e4\u00e4tt\u00e4nyt sallia sijoitukset ydinaseteollisuuteen (YLE 27.7.20251). OP:n hein\u00e4kuun poissulkulistalla2 on israelilainen Elbit Systems Ltd, jonka perusteeksi poissulkemiselle on merkitty &hellip; <p class=\"link-more\"><a href=\"https:\/\/akys.kapsi.fi\/wordpress\/elbit-pidettava-poissulkulistalla\/\" class=\"more-link\">Jatka lukemista<span class=\"screen-reader-text\"> &#8221;Elbit pidett\u00e4v\u00e4 poissulkulistalla&#8221;<\/span><\/a><\/p><\/div><\/li>\n<li><a class=\"wp-block-latest-posts__post-title\" href=\"https:\/\/akys.kapsi.fi\/wordpress\/global-alliance-for-palestine-perustettu-lontoossa-ja-vaatii-kiireellisia-kansainvalisia-toimia-gazan-kansanmurhan-lopettamiseksi\/\">Global Alliance for Palestine perustettu Lontoossa ja vaatii kiireellisi\u00e4 kansainv\u00e4lisi\u00e4 toimia Gazan kansanmurhan lopettamiseksi<\/a><time datetime=\"2025-07-28T20:18:36+00:00\" class=\"wp-block-latest-posts__post-date\">28.7.2025<\/time><div class=\"wp-block-latest-posts__post-excerpt\">FOR IMMEDIATE RELEASE 28 July 2025 | London&nbsp; Global Alliance for Palestine launches in London, calls for urgent international action amidst Gaza genocide In a historic gathering, the Global Alliance for Palestine &hellip; <p class=\"link-more\"><a href=\"https:\/\/akys.kapsi.fi\/wordpress\/global-alliance-for-palestine-perustettu-lontoossa-ja-vaatii-kiireellisia-kansainvalisia-toimia-gazan-kansanmurhan-lopettamiseksi\/\" class=\"more-link\">Jatka lukemista<span class=\"screen-reader-text\"> &#8221;Global Alliance for Palestine perustettu Lontoossa ja vaatii kiireellisi\u00e4 kansainv\u00e4lisi\u00e4 toimia Gazan kansanmurhan lopettamiseksi&#8221;<\/span><\/a><\/p><\/div><\/li>\n<li><a class=\"wp-block-latest-posts__post-title\" href=\"https:\/\/akys.kapsi.fi\/wordpress\/miehitystaloudesta-kansanmurhatalouteen\/\">Miehitystaloudesta kansanmurhatalouteen<\/a><time datetime=\"2025-07-10T13:14:26+00:00\" class=\"wp-block-latest-posts__post-date\">10.7.2025<\/time><div class=\"wp-block-latest-posts__post-excerpt\">YK:n miehitettyjen palestiinalaisalueiden ihmisoikeustilanteen erityisraportoijan Francesca Albanesen uudessa raportissa From economy of occupation to economy of genocide k\u00e4sitell\u00e4\u00e4n yritysmaailman osallisuutta Israelin asutuskolonialistisen, palestiinalaisv\u00e4est\u00f6\u00e4 syrj\u00e4ytt\u00e4v\u00e4n hankkeen ja Gazan kansanmurhasodan yll\u00e4pit\u00e4misess\u00e4: &#8221;Poliittisten johtajien ja &hellip; <p class=\"link-more\"><a href=\"https:\/\/akys.kapsi.fi\/wordpress\/miehitystaloudesta-kansanmurhatalouteen\/\" class=\"more-link\">Jatka lukemista<span class=\"screen-reader-text\"> &#8221;Miehitystaloudesta kansanmurhatalouteen&#8221;<\/span><\/a><\/p><\/div><\/li>\n<li><a class=\"wp-block-latest-posts__post-title\" href=\"https:\/\/akys.kapsi.fi\/wordpress\/kansalaiset-vaativat-kansainvalista-oikeutta-on-noudatettava-ja-eu-israel-assosiaatiosopimus-jaadytettava-nyt\/\">Kansalaiset vaativat: Kansainv\u00e4list\u00e4 oikeutta on noudatettava ja EU-Israel-assosiaatiosopimus j\u00e4\u00e4dytett\u00e4v\u00e4 nyt!<\/a><time datetime=\"2025-07-06T14:05:38+00:00\" class=\"wp-block-latest-posts__post-date\">6.7.2025<\/time><div class=\"wp-block-latest-posts__post-excerpt\">Arabikansojen yst\u00e4vyysseura on l\u00e4hett\u00e4nyt 7.7.2025 alla olevan kirjeen ulkoministerille ja p\u00e4\u00e4ministerille. Saman sis\u00e4lt\u00f6inen kirje on l\u00e4hetty European Coordination of Committees for Palestine (ECCP):n j\u00e4senj\u00e4rjest\u00f6jen toimesta useiden muiden EU-maiden hallituksille. Ulkoministeri Elina ValtonenP\u00e4\u00e4mininisteri &hellip; <p class=\"link-more\"><a href=\"https:\/\/akys.kapsi.fi\/wordpress\/kansalaiset-vaativat-kansainvalista-oikeutta-on-noudatettava-ja-eu-israel-assosiaatiosopimus-jaadytettava-nyt\/\" class=\"more-link\">Jatka lukemista<span class=\"screen-reader-text\"> &#8221;Kansalaiset vaativat: Kansainv\u00e4list\u00e4 oikeutta on noudatettava ja EU-Israel-assosiaatiosopimus j\u00e4\u00e4dytett\u00e4v\u00e4 nyt!&#8221;<\/span><\/a><\/p><\/div><\/li>\n<li><a class=\"wp-block-latest-posts__post-title\" href=\"https:\/\/akys.kapsi.fi\/wordpress\/kiitos-suomen-gaza-ratkaisusta-ykn-paatoksia-alettava-toteuttaa\/\">Kiitos Suomen Gaza-ratkaisusta, YK:n p\u00e4\u00e4t\u00f6ksi\u00e4 alettava toteuttaa<\/a><time datetime=\"2025-05-12T07:05:39+00:00\" class=\"wp-block-latest-posts__post-date\">12.5.2025<\/time><div class=\"wp-block-latest-posts__post-excerpt\">Arabikansojen yst\u00e4vyysseura on l\u00e4hett\u00e4nyt 12.5.2025 Ulkoministeri\u00f6\u00f6n kirjeen, jossa kehotetaan Suomea alkamaan toteuttaa YK:n p\u00e4\u00e4t\u00f6ksi\u00e4 Israel\/Palestiinan konfliktin ratkaisemiseksi Ulkoministeri Elina Valtonen Haluamme antaa tunnustuksemme ministeri Valtoselle ja muille Suomen L\u00e4hi-id\u00e4n politiikasta p\u00e4\u00e4tt\u00e4ville tuesta &hellip; <p class=\"link-more\"><a href=\"https:\/\/akys.kapsi.fi\/wordpress\/kiitos-suomen-gaza-ratkaisusta-ykn-paatoksia-alettava-toteuttaa\/\" class=\"more-link\">Jatka lukemista<span class=\"screen-reader-text\"> &#8221;Kiitos Suomen Gaza-ratkaisusta, YK:n p\u00e4\u00e4t\u00f6ksi\u00e4 alettava toteuttaa&#8221;<\/span><\/a><\/p><\/div><\/li>\n<li><a class=\"wp-block-latest-posts__post-title\" href=\"https:\/\/akys.kapsi.fi\/wordpress\/gazan-tilanteeseen-puututtava-valittomasti\/\">Gazan tilanteeseen puututtava v\u00e4litt\u00f6m\u00e4sti<\/a><time datetime=\"2025-05-06T08:00:24+00:00\" class=\"wp-block-latest-posts__post-date\">6.5.2025<\/time><div class=\"wp-block-latest-posts__post-excerpt\">Helsingin Sanomien mielipideosastoon 3.5.2025 l\u00e4hetetty kirjoitus. Kirjoitusta ei julkaistu. Gazassa ihmisen aikaansaama humanitaarinen katastrofitilanne on saavuttanut ennen n\u00e4kem\u00e4tt\u00f6m\u00e4n romahtamispisteen. Tahallinen humanitaarisen avun est\u00e4minen, n\u00e4\u00e4nnytt\u00e4mistaktiikan k\u00e4ytt\u00e4minen ja ruoanjakelupisteiden ottaminen maalitauluiksi muodostavat kollektiivisen rangaistuksen &hellip; <p class=\"link-more\"><a href=\"https:\/\/akys.kapsi.fi\/wordpress\/gazan-tilanteeseen-puututtava-valittomasti\/\" class=\"more-link\">Jatka lukemista<span class=\"screen-reader-text\"> &#8221;Gazan tilanteeseen puututtava v\u00e4litt\u00f6m\u00e4sti&#8221;<\/span><\/a><\/p><\/div><\/li>\n<li><a class=\"wp-block-latest-posts__post-title\" href=\"https:\/\/akys.kapsi.fi\/wordpress\/aseviennin-salaaminen-lopetettava\/\">Aseviennin salaaminen lopetettava<\/a><time datetime=\"2025-04-28T16:50:44+00:00\" class=\"wp-block-latest-posts__post-date\">28.4.2025<\/time><div class=\"wp-block-latest-posts__post-excerpt\">Arabikansojen yst\u00e4vyysseura on l\u00e4hett\u00e4nyt 28.4.2025 Puolustusministeri\u00f6\u00f6n, Ulkoministeri\u00f6\u00f6n, Eduskunnan puolustusvaliokunnalle ja ulkoasianvaliokunnalle julkilausuman, jossa vaaditaan sotarikoksiin syyllistyviin maihin viet\u00e4vien aseiden vientilupien salaamisen lopettamista. Puolustusministeri Antti H\u00e4kk\u00e4nen, ulkoministeri Elina Valtonen T\u00e4h\u00e4n menness\u00e4 Suomen aseviennin &hellip; <p class=\"link-more\"><a href=\"https:\/\/akys.kapsi.fi\/wordpress\/aseviennin-salaaminen-lopetettava\/\" class=\"more-link\">Jatka lukemista<span class=\"screen-reader-text\"> &#8221;Aseviennin salaaminen lopetettava&#8221;<\/span><\/a><\/p><\/div><\/li>\n<li><a class=\"wp-block-latest-posts__post-title\" href=\"https:\/\/akys.kapsi.fi\/wordpress\/arabikansojen-ystavyysseura-50-vuotta-julkilausuma\/\">Arabikansojen yst\u00e4vyysseura 50 vuotta &#8211; julkilausuma<\/a><time datetime=\"2025-04-02T16:53:30+00:00\" class=\"wp-block-latest-posts__post-date\">2.4.2025<\/time><div class=\"wp-block-latest-posts__post-excerpt\">Her\u00e4\u00e4 Suomi \u2013 on aika sanoa jo riitt\u00e4\u00e4, Israel! Israel on saanut p\u00e4\u00e4liittolaiseltamme Yhdysvalloilta luvan ottaa kaikki keinot k\u00e4ytt\u00f6\u00f6n Gazan siviiliv\u00e4est\u00f6n tuhoamisessa ja h\u00e4\u00e4t\u00e4misess\u00e4 asuinalueeltaan. Yhdysvaltain presidentti on ilmoittanut haluavansa Gazan kaistan. &hellip; <p class=\"link-more\"><a href=\"https:\/\/akys.kapsi.fi\/wordpress\/arabikansojen-ystavyysseura-50-vuotta-julkilausuma\/\" class=\"more-link\">Jatka lukemista<span class=\"screen-reader-text\"> &#8221;Arabikansojen yst\u00e4vyysseura 50 vuotta &#8211; julkilausuma&#8221;<\/span><\/a><\/p><\/div><\/li>\n<li><a class=\"wp-block-latest-posts__post-title\" href=\"https:\/\/akys.kapsi.fi\/wordpress\/etela-afrikan-syyteaineisto-israelin-kansanmurhaoikeudenkaynnissa\/\">Etel\u00e4-Afrikan syyteaineisto Israelin kansanmurhaoikeudenk\u00e4ynniss\u00e4<\/a><time datetime=\"2025-04-01T08:01:46+00:00\" class=\"wp-block-latest-posts__post-date\">1.4.2025<\/time><div class=\"wp-block-latest-posts__post-excerpt\">Joulukuussa 2023 Etel\u00e4-Afrikka nosti Kansainv\u00e4lisess\u00e4 tuomioistuimessa Israelia vastaan kanteen, jossa se syytti Israelia kansanmurhan toteuttamisesta Gazassa. Etel\u00e4-Afrikka on koonnut syytteen tueksi aineistoa, jonka se on nyt pannut julkisesti luettavaksi. \u201cEtel\u00e4-Afrikka pit\u00e4\u00e4 n\u00e4it\u00e4 &hellip; <p class=\"link-more\"><a href=\"https:\/\/akys.kapsi.fi\/wordpress\/etela-afrikan-syyteaineisto-israelin-kansanmurhaoikeudenkaynnissa\/\" class=\"more-link\">Jatka lukemista<span class=\"screen-reader-text\"> &#8221;Etel\u00e4-Afrikan syyteaineisto Israelin kansanmurhaoikeudenk\u00e4ynniss\u00e4&#8221;<\/span><\/a><\/p><\/div><\/li>\n<li><a class=\"wp-block-latest-posts__post-title\" href=\"https:\/\/akys.kapsi.fi\/wordpress\/mediatiedote-eurooppalaiset-kansalaisjarjestot-vaativat-eu-israel-assosiaationeuvoston-kokousta-jaadyttamaan-sopimus-israelin-kanssa\/\">Mediatiedote; Eurooppalaiset kansalaisj\u00e4rjest\u00f6t vaativat EU\/Israel-assosiaationeuvoston kokousta j\u00e4\u00e4dytt\u00e4m\u00e4\u00e4n sopimus Israelin kanssa<\/a><time datetime=\"2025-02-12T08:10:47+00:00\" class=\"wp-block-latest-posts__post-date\">12.2.2025<\/time><div class=\"wp-block-latest-posts__post-excerpt\">Mediatiedote 11.2.2025 \/ Arabikansojen yst\u00e4vyysseura Eurooppalaiset kansalaisj\u00e4rjest\u00f6t vaativat kirjeess\u00e4\u00e4n EU:n ja Israelin assosiaationeuvoston kokoukseen 25.2. osallistuville EU-j\u00e4senmaiden p\u00e4\u00e4- ja ulkoministereille, ett\u00e4 kokouksessa k\u00e4sitell\u00e4\u00e4n EU:n ja Israelin v\u00e4lisen assosiaatiosopimuksen artiklan 2 loukkauksia, joihin &hellip; <p class=\"link-more\"><a href=\"https:\/\/akys.kapsi.fi\/wordpress\/mediatiedote-eurooppalaiset-kansalaisjarjestot-vaativat-eu-israel-assosiaationeuvoston-kokousta-jaadyttamaan-sopimus-israelin-kanssa\/\" class=\"more-link\">Jatka lukemista<span class=\"screen-reader-text\"> &#8221;Mediatiedote; Eurooppalaiset kansalaisj\u00e4rjest\u00f6t vaativat EU\/Israel-assosiaationeuvoston kokousta j\u00e4\u00e4dytt\u00e4m\u00e4\u00e4n sopimus Israelin kanssa&#8221;<\/span><\/a><\/p><\/div><\/li>\n<li><a class=\"wp-block-latest-posts__post-title\" href=\"https:\/\/akys.kapsi.fi\/wordpress\/eun-ja-israelin-assosiaatiosopimus-eu-israel-assosiaationeuvoston-tulevassa-kokouksessa\/\">EU:n ja Israelin assosiaatiosopimus EU-Israel assosiaationeuvoston tulevassa kokouksessa<\/a><time datetime=\"2025-02-06T09:07:49+00:00\" class=\"wp-block-latest-posts__post-date\">6.2.2025<\/time><div class=\"wp-block-latest-posts__post-excerpt\">Arabikansojen yst\u00e4vyysseura on l\u00e4hett\u00e4nyt 6.2.2025 p\u00e4\u00e4ministerille alla olevan kirjeen Arvoisa p\u00e4\u00e4ministeri Petteri Orpo Kirjoitamme teille ilmaistaksemme vakavan huolemme koskien tulevaa EU-Israel-assosiaationeuvoston kokousta, joka on suunniteltu pidett\u00e4v\u00e4ksi helmikuun 25. p\u00e4iv\u00e4n\u00e4. Vaikka tervehdimme ilolla &hellip; <p class=\"link-more\"><a href=\"https:\/\/akys.kapsi.fi\/wordpress\/eun-ja-israelin-assosiaatiosopimus-eu-israel-assosiaationeuvoston-tulevassa-kokouksessa\/\" class=\"more-link\">Jatka lukemista<span class=\"screen-reader-text\"> &#8221;EU:n ja Israelin assosiaatiosopimus EU-Israel assosiaationeuvoston tulevassa kokouksessa&#8221;<\/span><\/a><\/p><\/div><\/li>\n<li><a class=\"wp-block-latest-posts__post-title\" href=\"https:\/\/akys.kapsi.fi\/wordpress\/unrwan-toiminnan-jatkuminen-turvattava\/\">UNRWA:n toiminnan jatkuminen turvattava<\/a><time datetime=\"2025-02-02T14:16:58+00:00\" class=\"wp-block-latest-posts__post-date\">2.2.2025<\/time><div class=\"wp-block-latest-posts__post-excerpt\">Arabikansojen yst\u00e4vyysseura on l\u00e4hett\u00e4nyt 3.2.2024 Ulkoministeri\u00f6\u00f6n kirjeen, jossa vedotaan YK:n palestiinalaispakolaisten avustusj\u00e4rjest\u00f6n UNRWA:n toiminnan jatkumisen turvaamisen puolesta. Ulkoministeri Elina Valtonen, ulkomaankauppa- ja kehitysministeri Ville Tavio Israel kielsi 29. tammikuuta alkaen YK:n palestiinalaispakolaisten &hellip; <p class=\"link-more\"><a href=\"https:\/\/akys.kapsi.fi\/wordpress\/unrwan-toiminnan-jatkuminen-turvattava\/\" class=\"more-link\">Jatka lukemista<span class=\"screen-reader-text\"> &#8221;UNRWA:n toiminnan jatkuminen turvattava&#8221;<\/span><\/a><\/p><\/div><\/li>\n<li><a class=\"wp-block-latest-posts__post-title\" href=\"https:\/\/akys.kapsi.fi\/wordpress\/jarjestot-vaativat-eun-ja-israelin-assosiaatiosopimuksen-ihmisoikeuspykalat-pantava-taytantoon\/\">J\u00e4rjest\u00f6t  vaativat: EU:n ja Israelin assosiaatiosopimuksen ihmisoikeuspyk\u00e4l\u00e4t pantava t\u00e4yt\u00e4nt\u00f6\u00f6n<\/a><time datetime=\"2025-01-20T18:03:47+00:00\" class=\"wp-block-latest-posts__post-date\">20.1.2025<\/time><div class=\"wp-block-latest-posts__post-excerpt\">AKYS on l\u00e4hett\u00e4nyt 21.1.2025 Valtioneuvoston EU-ministerivaliokunnalle, Tasavallan presidentille, ulkoministerille ja Eduskunnan ulkoasianvaliokunnalle kuuden j\u00e4rjest\u00f6n allekirjoittaman kirjeen, jossa vaaditaan EU:n ja Israelin v\u00e4lisen assosiaatiosopimuksen j\u00e4\u00e4dytt\u00e4mist\u00e4, kunnes Israel alkaa kunnioittaa Kansainv\u00e4lisen tuomioistuimen ja YK:n &hellip; <p class=\"link-more\"><a href=\"https:\/\/akys.kapsi.fi\/wordpress\/jarjestot-vaativat-eun-ja-israelin-assosiaatiosopimuksen-ihmisoikeuspykalat-pantava-taytantoon\/\" class=\"more-link\">Jatka lukemista<span class=\"screen-reader-text\"> &#8221;J\u00e4rjest\u00f6t  vaativat: EU:n ja Israelin assosiaatiosopimuksen ihmisoikeuspyk\u00e4l\u00e4t pantava t\u00e4yt\u00e4nt\u00f6\u00f6n&#8221;<\/span><\/a><\/p><\/div><\/li>\n<li><a class=\"wp-block-latest-posts__post-title\" href=\"https:\/\/akys.kapsi.fi\/wordpress\/oikeudellinen-analyysi-ykn-kansainvalisen-tuomioistuimen-neuvoa-antavasta-lausunnosta\/\">Oikeudellinen analyysi YK:n kansainv\u00e4lisen tuomioistuimen neuvoa-antavasta lausunnosta<\/a><time datetime=\"2024-12-10T12:01:44+00:00\" class=\"wp-block-latest-posts__post-date\">10.12.2024<\/time><div class=\"wp-block-latest-posts__post-excerpt\">YK:n kansainv\u00e4linen tuomioistuin ICJ antoi 19.7.2024 YK:n yleiskokouksen pyynn\u00f6st\u00e4 laaditunIsraelin miehityst\u00e4 ja siit\u00e4 valtioille koituvia oikeudellisia seurauksia koskevan neuvoa-antavanlausunnon. Tuomioistuin totesi Israelin pitkittyneen l\u00e4sn\u00e4olon miehitetyill\u00e4 palestiinalaisalueillalainvastaiseksi ja velvoitti Israelin lopettamaan miehityksen niin &hellip; <p class=\"link-more\"><a href=\"https:\/\/akys.kapsi.fi\/wordpress\/oikeudellinen-analyysi-ykn-kansainvalisen-tuomioistuimen-neuvoa-antavasta-lausunnosta\/\" class=\"more-link\">Jatka lukemista<span class=\"screen-reader-text\"> &#8221;Oikeudellinen analyysi YK:n kansainv\u00e4lisen tuomioistuimen neuvoa-antavasta lausunnosta&#8221;<\/span><\/a><\/p><\/div><\/li>\n<li><a class=\"wp-block-latest-posts__post-title\" href=\"https:\/\/akys.kapsi.fi\/wordpress\/kansalaisaloite-ihmisoikeuksien-ja-kansainvalisen-humanitaarisen-oikeuden-huomioimiseksi-suomen-asehankinnoissa\/\">Kansalaisaloite ihmisoikeuksien ja kansainv\u00e4lisen humanitaarisen oikeuden huomioimiseksi Suomen asehankinnoissa<\/a><time datetime=\"2024-10-23T11:44:44+00:00\" class=\"wp-block-latest-posts__post-date\">23.10.2024<\/time><div class=\"wp-block-latest-posts__post-excerpt\">Suomen asevienti\u00e4 s\u00e4\u00e4telev\u00e4t Suomen lains\u00e4\u00e4d\u00e4nt\u00f6 ja kansainv\u00e4liset sopimukset, jotka rajoittavat aseiden vienti\u00e4 maihin, joissa niit\u00e4 k\u00e4ytett\u00e4isiin sotarikosten tai kansanmurhien toteuttamiseen tai siviilej\u00e4 vastaan tai muihin humanitaarisen oikeuden vastaisiin tekoihin. Puolustustarvikkeiden hankinnoissa sen &hellip; <p class=\"link-more\"><a href=\"https:\/\/akys.kapsi.fi\/wordpress\/kansalaisaloite-ihmisoikeuksien-ja-kansainvalisen-humanitaarisen-oikeuden-huomioimiseksi-suomen-asehankinnoissa\/\" class=\"more-link\">Jatka lukemista<span class=\"screen-reader-text\"> &#8221;Kansalaisaloite ihmisoikeuksien ja kansainv\u00e4lisen humanitaarisen oikeuden huomioimiseksi Suomen asehankinnoissa&#8221;<\/span><\/a><\/p><\/div><\/li>\n<li><a class=\"wp-block-latest-posts__post-title\" href=\"https:\/\/akys.kapsi.fi\/wordpress\/suomi-otti-ykssa-kantaa-israelin-miehityksen-lopettamiseksi-12-kuukauden-kuluessa-ja-siirtokuntalaisten-evakuoimiseksi\/\">Suomi otti YK:ssa kantaa Israelin miehityksen lopettamiseksi 12 kuukauden kuluessa ja siirtokuntalaisten evakuoimiseksi<\/a><time datetime=\"2024-10-09T13:29:21+00:00\" class=\"wp-block-latest-posts__post-date\">9.10.2024<\/time><div class=\"wp-block-latest-posts__post-excerpt\">YK:n yleiskokous k\u00e4sitteli h\u00e4t\u00e4kokouksessaan 17.9.2024 Palestiinan valtion alulle panemaa p\u00e4\u00e4t\u00f6slauselmaluonnosta, jossa vaaditaan Israelia lopettamaan palestiinalaisalueiden miehitys 12 kuukauden kuluessa, lopettamaan v\u00e4litt\u00f6m\u00e4sti uudet siirtokuntahankkeet ja evakuoimaan kaikki siirtokuntalaiset miehitetyilt\u00e4 palestiinalaisalueilta. P\u00e4\u00e4t\u00f6slauselma hyv\u00e4ksyttiin ylivoimaisella &hellip; <p class=\"link-more\"><a href=\"https:\/\/akys.kapsi.fi\/wordpress\/suomi-otti-ykssa-kantaa-israelin-miehityksen-lopettamiseksi-12-kuukauden-kuluessa-ja-siirtokuntalaisten-evakuoimiseksi\/\" class=\"more-link\">Jatka lukemista<span class=\"screen-reader-text\"> &#8221;Suomi otti YK:ssa kantaa Israelin miehityksen lopettamiseksi 12 kuukauden kuluessa ja siirtokuntalaisten evakuoimiseksi&#8221;<\/span><\/a><\/p><\/div><\/li>\n<li><a class=\"wp-block-latest-posts__post-title\" href=\"https:\/\/akys.kapsi.fi\/wordpress\/eun-ja-israelin-assosiaatiosopimus-keskeytettava\/\">EU:n ja Israelin assosiaatiosopimus keskeytett\u00e4v\u00e4<\/a><time datetime=\"2024-09-20T09:39:11+00:00\" class=\"wp-block-latest-posts__post-date\">20.9.2024<\/time><div class=\"wp-block-latest-posts__post-excerpt\">EU:n toimielimille ja j\u00e4senvaltioille osoitettu Euroopan kansalaisyhteiskunnan kampanja Bryssel, perjantaina 20.9.2024 &#8211; Yli 160 eurooppalaista j\u00e4rjest\u00f6\u00e4, uskonnollista yhteis\u00f6\u00e4 ja ammattiliittoa ovat antaneet t\u00e4n\u00e4\u00e4n EU:lle ja sen j\u00e4senvaltioille suunnatun julkilausuman, jossa vaaditaan EU:n &hellip; <p class=\"link-more\"><a href=\"https:\/\/akys.kapsi.fi\/wordpress\/eun-ja-israelin-assosiaatiosopimus-keskeytettava\/\" class=\"more-link\">Jatka lukemista<span class=\"screen-reader-text\"> &#8221;EU:n ja Israelin assosiaatiosopimus keskeytett\u00e4v\u00e4&#8221;<\/span><\/a><\/p><\/div><\/li>\n<li><a class=\"wp-block-latest-posts__post-title\" href=\"https:\/\/akys.kapsi.fi\/wordpress\/eun-ja-israelin-assosiaatiosopimus-jaadytettava\/\">EU:n ja Israelin assosiaatiosopimus j\u00e4\u00e4dytett\u00e4v\u00e4<\/a><time datetime=\"2024-08-18T09:13:00+00:00\" class=\"wp-block-latest-posts__post-date\">18.8.2024<\/time><div class=\"wp-block-latest-posts__post-excerpt\">AKYSin puheenvuoro mielenosoituksessa Gazan kansanmurhan est\u00e4miseksi Helsingiss\u00e4 17.8.2024 Gazan siviili-infrastruktuuri on tuhottu 90-prosenttisesti ja siell\u00e4 on tapahtunut nopein koskaan raportoitu v\u00e4est\u00f6n vajoaminen n\u00e4lkiintymisen partaalle. Gazan kuolonuhrien m\u00e4\u00e4r\u00e4 on noussut 40 000:een. Luvussa &hellip; <p class=\"link-more\"><a href=\"https:\/\/akys.kapsi.fi\/wordpress\/eun-ja-israelin-assosiaatiosopimus-jaadytettava\/\" class=\"more-link\">Jatka lukemista<span class=\"screen-reader-text\"> &#8221;EU:n ja Israelin assosiaatiosopimus j\u00e4\u00e4dytett\u00e4v\u00e4&#8221;<\/span><\/a><\/p><\/div><\/li>\n<li><a class=\"wp-block-latest-posts__post-title\" href=\"https:\/\/akys.kapsi.fi\/wordpress\/kansainvalisen-tuomioistuimen-neuvoa-antava-lausunto-israelin-miehityksesta\/\">Kansainv\u00e4lisen tuomioistuimen neuvoa-antava lausunto Israelin miehityksest\u00e4<\/a><time datetime=\"2024-07-26T12:50:38+00:00\" class=\"wp-block-latest-posts__post-date\">26.7.2024<\/time><div class=\"wp-block-latest-posts__post-excerpt\">Kansainv\u00e4linen tuomioistuin antoi 19.7.2024 YK:n yleiskokouksen pyynn\u00f6st\u00e4 neuvoa-antavan lausunnon Israelin miehityksest\u00e4, jossa tuomioistuin totesi Israelin pitkittyneen l\u00e4sn\u00e4olon miehitetyill\u00e4 palestiinalaisalueilla lainvastaiseksi. Arabikansojen yst\u00e4vyysseura on tehnyt lausunnosta suomenkielisen yhteenvedon, jonka voi lukea t\u00e4ss\u00e4. Kommentti &hellip; <p class=\"link-more\"><a href=\"https:\/\/akys.kapsi.fi\/wordpress\/kansainvalisen-tuomioistuimen-neuvoa-antava-lausunto-israelin-miehityksesta\/\" class=\"more-link\">Jatka lukemista<span class=\"screen-reader-text\"> &#8221;Kansainv\u00e4lisen tuomioistuimen neuvoa-antava lausunto Israelin miehityksest\u00e4&#8221;<\/span><\/a><\/p><\/div><\/li>\n<li><a class=\"wp-block-latest-posts__post-title\" href=\"https:\/\/akys.kapsi.fi\/wordpress\/suomen-noudatettava-kansainvalista-oikeutta-lahi-idassa\/\">Suomen noudatettava kansainv\u00e4list\u00e4 oikeutta L\u00e4hi-id\u00e4ss\u00e4<\/a><time datetime=\"2024-06-19T06:57:56+00:00\" class=\"wp-block-latest-posts__post-date\">19.6.2024<\/time><div class=\"wp-block-latest-posts__post-excerpt\">Arabikansojen yst\u00e4vyysseura on 19.6.2024 l\u00e4hett\u00e4nyt Tasavallan presidentin kansliaan ja ulkoministeri\u00f6\u00f6n kirjeen, jossa vaaditaan Suomea noudattamaan kansainv\u00e4lisen oikeuden mukaisia velvoitteita Israel\/Palestiinan konfliktissa &#8212;&#8212;&#8212;&#8212;&#8212;&#8212;&#8212;&#8212;&#8212;&#8212;&#8212;&#8212;&#8212;&#8212;- Tasavallan presidentti Alexander Stubb, ulkoministeri Elina Valtonen Suomen julkilausuttu asemoituminen &hellip; <p class=\"link-more\"><a href=\"https:\/\/akys.kapsi.fi\/wordpress\/suomen-noudatettava-kansainvalista-oikeutta-lahi-idassa\/\" class=\"more-link\">Jatka lukemista<span class=\"screen-reader-text\"> &#8221;Suomen noudatettava kansainv\u00e4list\u00e4 oikeutta L\u00e4hi-id\u00e4ss\u00e4&#8221;<\/span><\/a><\/p><\/div><\/li>\n<li><a class=\"wp-block-latest-posts__post-title\" href=\"https:\/\/akys.kapsi.fi\/wordpress\/suomen-ratkaisusta-ykn-palestiina-aanestyksessa\/\">Suomen ratkaisusta YK:n Palestiina-\u00e4\u00e4nestyksess\u00e4<\/a><time datetime=\"2024-05-13T09:08:13+00:00\" class=\"wp-block-latest-posts__post-date\">13.5.2024<\/time><div class=\"wp-block-latest-posts__post-excerpt\">AKYS on l\u00e4hett\u00e4nyt 13.5.2024 alla olevan kirjeen Tasavallan presidentille ja ulko- ja turvallisuuspoliittiselle ministerivaliokunnalle. Tasavallan presidentti, ulko- ja turvallisuuspoliittinen ministerivaliokunta Suomi oli niiden harvojen maiden joukossa, jotka j\u00e4ttiv\u00e4t \u00e4\u00e4nest\u00e4m\u00e4tt\u00e4 YK:n yleiskokouksessa Palestiinan &hellip; <p class=\"link-more\"><a href=\"https:\/\/akys.kapsi.fi\/wordpress\/suomen-ratkaisusta-ykn-palestiina-aanestyksessa\/\" class=\"more-link\">Jatka lukemista<span class=\"screen-reader-text\"> &#8221;Suomen ratkaisusta YK:n Palestiina-\u00e4\u00e4nestyksess\u00e4&#8221;<\/span><\/a><\/p><\/div><\/li>\n<li><a class=\"wp-block-latest-posts__post-title\" href=\"https:\/\/akys.kapsi.fi\/wordpress\/suomen-noudatettava-miehitettyjen-palestiinalaisalueiden-erityisraportoijan-suosituksia\/\">Suomen noudatettava miehitettyjen palestiinalaisalueiden erityisraportoijan suosituksia<\/a><time datetime=\"2024-04-03T08:54:01+00:00\" class=\"wp-block-latest-posts__post-date\">3.4.2024<\/time><div class=\"wp-block-latest-posts__post-excerpt\">Arabikansojen yst\u00e4vyysseura on 3.4.2024 l\u00e4hett\u00e4nyt ulkoministeri\u00f6\u00f6n seuraavan kirjeen Ulkoministeri Elina Valtonen Juuri tapahtunut seitsem\u00e4n ulkomaalaisten avustusty\u00f6ntekij\u00e4n kuolema Gazassa on voimistanut vastalauseita Israelin sodank\u00e4yntitapaa vastaan, jossa ei v\u00e4ltet\u00e4 siviilien surmaamista joukoittain.Yht\u00e4 voimakkaita vastalauseita &hellip; <p class=\"link-more\"><a href=\"https:\/\/akys.kapsi.fi\/wordpress\/suomen-noudatettava-miehitettyjen-palestiinalaisalueiden-erityisraportoijan-suosituksia\/\" class=\"more-link\">Jatka lukemista<span class=\"screen-reader-text\"> &#8221;Suomen noudatettava miehitettyjen palestiinalaisalueiden erityisraportoijan suosituksia&#8221;<\/span><\/a><\/p><\/div><\/li>\n<li><a class=\"wp-block-latest-posts__post-title\" href=\"https:\/\/akys.kapsi.fi\/wordpress\/kansanmurhan-anatomia\/\">Kansanmurhan anatomia<\/a><time datetime=\"2024-04-02T06:28:12+00:00\" class=\"wp-block-latest-posts__post-date\">2.4.2024<\/time><div class=\"wp-block-latest-posts__post-excerpt\">Miehitettyjen palestiinalaisalueiden erityisraportoijan raportti Gazasta. &#8221;Analysoimalla Israelin Gazan hy\u00f6kk\u00e4yksessa harjoittamaa v\u00e4kivaltaa ja linjauksia t\u00e4m\u00e4 raportti p\u00e4\u00e4tyy johtop\u00e4\u00e4t\u00f6kseen, jonka mukaan voidaan perustellusti uskoa, ett\u00e4 kynnys Israelin suorittaman kansanmurhan todentamiseksi on ylittynyt. Yksi perusl\u00f6yd\u00f6ksist\u00e4 &hellip; <p class=\"link-more\"><a href=\"https:\/\/akys.kapsi.fi\/wordpress\/kansanmurhan-anatomia\/\" class=\"more-link\">Jatka lukemista<span class=\"screen-reader-text\"> &#8221;Kansanmurhan anatomia&#8221;<\/span><\/a><\/p><\/div><\/li>\n<li><a class=\"wp-block-latest-posts__post-title\" href=\"https:\/\/akys.kapsi.fi\/wordpress\/suomen-tuettava-eun-ja-israelin-assosiaatiosopimuksen-keskeyttamista\/\">Suomen tuettava EU:n ja Israelin assosiaatiosopimuksen keskeytt\u00e4mist\u00e4<\/a><time datetime=\"2024-03-18T15:48:06+00:00\" class=\"wp-block-latest-posts__post-date\">18.3.2024<\/time><div class=\"wp-block-latest-posts__post-excerpt\">Arabikansojen yst\u00e4vyysseura on l\u00e4hett\u00e4nyt 18.3.2023 ulkoministeri\u00f6\u00f6n kirjeen, jossa vaaditaan, ett\u00e4 Suomi tukisi EU:n ja Israelin assosiaatiosopimuksen keskeytt\u00e4mist\u00e4. Ulkoministeri Elina Valtonen Espanja ja Irlanti ovat pyyt\u00e4neet EU-komissiota selvitt\u00e4m\u00e4\u00e4n, onko Israel rikkonut EU:n ja &hellip; <p class=\"link-more\"><a href=\"https:\/\/akys.kapsi.fi\/wordpress\/suomen-tuettava-eun-ja-israelin-assosiaatiosopimuksen-keskeyttamista\/\" class=\"more-link\">Jatka lukemista<span class=\"screen-reader-text\"> &#8221;Suomen tuettava EU:n ja Israelin assosiaatiosopimuksen keskeytt\u00e4mist\u00e4&#8221;<\/span><\/a><\/p><\/div><\/li>\n<li><a class=\"wp-block-latest-posts__post-title\" href=\"https:\/\/akys.kapsi.fi\/wordpress\/suomen-palautettava-unrwan-rahoitus\/\">Suomen palautettava UNRWA:n rahoitus<\/a><time datetime=\"2024-03-09T17:29:24+00:00\" class=\"wp-block-latest-posts__post-date\">9.3.2024<\/time><div class=\"wp-block-latest-posts__post-excerpt\">Arabikansojen yst\u00e4vyysseura on l\u00e4hett\u00e4nyt 9.3.2023 ulkoministerille ja Valtioneuvostolle kirjeen, jossa vaaditaan Suomea palauttamaan YK:n avustusj\u00e4rjest\u00f6n UNRWA:n rahoitus Ulkoministeri Elina Valtonen, Valtioneuvosto YK:n avustusj\u00e4rjest\u00f6 UNRWA on keskeinen ja korvaamaton humanitaarisen avun toimittaja Gazaan &hellip; <p class=\"link-more\"><a href=\"https:\/\/akys.kapsi.fi\/wordpress\/suomen-palautettava-unrwan-rahoitus\/\" class=\"more-link\">Jatka lukemista<span class=\"screen-reader-text\"> &#8221;Suomen palautettava UNRWA:n rahoitus&#8221;<\/span><\/a><\/p><\/div><\/li>\n<li><a class=\"wp-block-latest-posts__post-title\" href=\"https:\/\/akys.kapsi.fi\/wordpress\/unrwan-toiminnan-jatkuvuus-turvattava\/\">UNRWA:n toiminnan jatkuvuus turvattava<\/a><time datetime=\"2024-02-27T08:28:13+00:00\" class=\"wp-block-latest-posts__post-date\">27.2.2024<\/time><div class=\"wp-block-latest-posts__post-excerpt\">Akys on l\u00e4hett\u00e4nyt 27.2.2024 Suomen ulkopoliittiselle johdolle vetoomuksen UNRWA:n toiminnan turvaamiseksi Ulkoministeri Elina Valtonen, ulkomaankauppa- ja kehitysministeri Ville Tavio Israelin hallituksen Gazan tulevaisuutta koskeviin suunnitelmiin kuuluu YK:n avustusj\u00e4rjest\u00f6n UNRWA:n lakkauttaminen.1) UNRWA ei &hellip; <p class=\"link-more\"><a href=\"https:\/\/akys.kapsi.fi\/wordpress\/unrwan-toiminnan-jatkuvuus-turvattava\/\" class=\"more-link\">Jatka lukemista<span class=\"screen-reader-text\"> &#8221;UNRWA:n toiminnan jatkuvuus turvattava&#8221;<\/span><\/a><\/p><\/div><\/li>\n<li><a class=\"wp-block-latest-posts__post-title\" href=\"https:\/\/akys.kapsi.fi\/wordpress\/suomen-jatkettava-unrwan-rahoitusta\/\">Suomen jatkettava UNRWA:n rahoitusta<\/a><time datetime=\"2024-01-30T11:51:12+00:00\" class=\"wp-block-latest-posts__post-date\">30.1.2024<\/time><div class=\"wp-block-latest-posts__post-excerpt\">Arabikansojen yst\u00e4vyysseura on l\u00e4hett\u00e4nyt 30.1.2023 kirjeen Valtioneuvostolle ja Ulkoministeri\u00f6lle Valtioneuvosto, Ulkoministeri\u00f6 YK:n avustusj\u00e4rjest\u00f6 UNRWA on sodan tuhojen keskell\u00e4 olevien Gazan asukkaiden oljenkorsi. Sen rahoituksen keskeytt\u00e4misell\u00e4, mist\u00e4 Suomikin on p\u00e4\u00e4tt\u00e4nyt, on katastrofaalisia seurauksia &hellip; <p class=\"link-more\"><a href=\"https:\/\/akys.kapsi.fi\/wordpress\/suomen-jatkettava-unrwan-rahoitusta\/\" class=\"more-link\">Jatka lukemista<span class=\"screen-reader-text\"> &#8221;Suomen jatkettava UNRWA:n rahoitusta&#8221;<\/span><\/a><\/p><\/div><\/li>\n<li><a class=\"wp-block-latest-posts__post-title\" href=\"https:\/\/akys.kapsi.fi\/wordpress\/akysin-puheenvuoro-mielenosoituksessa-27-1-2024\/\">AKYSin puheenvuoro mielenosoituksessa 27.1.2024<\/a><time datetime=\"2024-01-27T15:22:32+00:00\" class=\"wp-block-latest-posts__post-date\">27.1.2024<\/time><div class=\"wp-block-latest-posts__post-excerpt\">Tiesittek\u00f6, ett\u00e4 kaikista niist\u00e4 maailman ihmisista, joita uhkaa n\u00e4l\u00e4nh\u00e4t\u00e4 tai katastrofaalinen n\u00e4lkiintyminen, 80 prosenttia on Gazassa? N\u00e4in sanotaan YK:n p\u00e4\u00e4sihteerin ihmisoikeustoimiston raportissa. T\u00e4m\u00e4 ei ole seurausta mist\u00e4\u00e4n luonnonkatastrofista, vaan tietoisesta suunnitelmallisesta kollektiivisesta &hellip; <p class=\"link-more\"><a href=\"https:\/\/akys.kapsi.fi\/wordpress\/akysin-puheenvuoro-mielenosoituksessa-27-1-2024\/\" class=\"more-link\">Jatka lukemista<span class=\"screen-reader-text\"> &#8221;AKYSin puheenvuoro mielenosoituksessa 27.1.2024&#8221;<\/span><\/a><\/p><\/div><\/li>\n<li><a class=\"wp-block-latest-posts__post-title\" href=\"https:\/\/akys.kapsi.fi\/wordpress\/suomen-tuettava-etela-afrikan-oikeusjuttua-israelia-vastaan-kansanmurhasta-gazassa\/\">Suomen tuettava Etel\u00e4-Afrikan oikeusjuttua Israelia vastaan kansanmurhasta Gazassa<\/a><time datetime=\"2024-01-07T14:54:22+00:00\" class=\"wp-block-latest-posts__post-date\">7.1.2024<\/time><div class=\"wp-block-latest-posts__post-excerpt\">Arabikansojen yst\u00e4vyyseura on l\u00e4hett\u00e4nyt 5.1.2024 vetoomuksen Suomen YK-edustustolle ja ulkoministerille Suurl\u00e4hettil\u00e4s Elina Kalkku Pyyd\u00e4mme teit\u00e4 v\u00e4litt\u00f6m\u00e4sti vetoamaan maamme puolesta YK:n kansanmurhasopimukseen Kansainv\u00e4lisess\u00e4 tuomioistuimessa (ICJ) Israelin joukkotuhonnan ja kansanmurhan pys\u00e4ytt\u00e4miseksi Gazassa. Etel\u00e4-Afrikka k\u00e4ynnisti &hellip; <p class=\"link-more\"><a href=\"https:\/\/akys.kapsi.fi\/wordpress\/suomen-tuettava-etela-afrikan-oikeusjuttua-israelia-vastaan-kansanmurhasta-gazassa\/\" class=\"more-link\">Jatka lukemista<span class=\"screen-reader-text\"> &#8221;Suomen tuettava Etel\u00e4-Afrikan oikeusjuttua Israelia vastaan kansanmurhasta Gazassa&#8221;<\/span><\/a><\/p><\/div><\/li>\n<li><a class=\"wp-block-latest-posts__post-title\" href=\"https:\/\/akys.kapsi.fi\/wordpress\/suomen-aanestettava-gazan-tulitauon-puolesta-ykn-hataistunnonnossa\/\">Suomen \u00e4\u00e4nestett\u00e4v\u00e4 Gazan tulitauon puolesta YK:n h\u00e4t\u00e4istunnossa<\/a><time datetime=\"2023-12-12T06:41:21+00:00\" class=\"wp-block-latest-posts__post-date\">12.12.2023<\/time><div class=\"wp-block-latest-posts__post-excerpt\">AKYSin kirje 11.12.2023 Arvoisa ulkoministeri Elina Valtonen YK:n turvallisuusneuvosto ei Yhdysvaltain veton vuoksi kyennyt saamaan aikaan sitovaa p\u00e4\u00e4t\u00f6st\u00e4, joka vaatisi v\u00e4lit\u00f6nt\u00e4 ja kest\u00e4v\u00e4\u00e4 tulitaukoa Gazaan. T\u00e4m\u00e4 tapahtui p\u00e4\u00e4sihteeri Antonio Guterresin ponnisteluista huolimatta. &hellip; <p class=\"link-more\"><a href=\"https:\/\/akys.kapsi.fi\/wordpress\/suomen-aanestettava-gazan-tulitauon-puolesta-ykn-hataistunnonnossa\/\" class=\"more-link\">Jatka lukemista<span class=\"screen-reader-text\"> &#8221;Suomen \u00e4\u00e4nestett\u00e4v\u00e4 Gazan tulitauon puolesta YK:n h\u00e4t\u00e4istunnossa&#8221;<\/span><\/a><\/p><\/div><\/li>\n<li><a class=\"wp-block-latest-posts__post-title\" href=\"https:\/\/akys.kapsi.fi\/wordpress\/kirje-ulkoministerille-israelin-palestiinan-hatatilanteen-johdosta\/\">Kirje ulkoministerille Israelin\/Palestiinan h\u00e4t\u00e4tilanteen johdosta<\/a><time datetime=\"2023-10-17T08:03:13+00:00\" class=\"wp-block-latest-posts__post-date\">17.10.2023<\/time><div class=\"wp-block-latest-posts__post-excerpt\">AKYS on allekirjoittanut kolmen j\u00e4rjest\u00f6n kirjeen ulkoministeri Elina Valtoselle. Kirjeess\u00e4 vaaditaan Suomea vaikuttamaan Israelin hy\u00f6kk\u00e4yksen lopettamiseksi, v\u00e4litt\u00f6m\u00e4n tulitauon saamiseksi, palestiinalaisten siviilien suojelemiseksi ja humanitaarisen avun toimittamiseksi, https:\/\/akys.kapsi.fi\/wordpress\/wp-content\/uploads\/2023\/10\/Gaza.pdf<\/div><\/li>\n<li><a class=\"wp-block-latest-posts__post-title\" href=\"https:\/\/akys.kapsi.fi\/wordpress\/kirje-suomen-lahetysseuralle\/\">Kirje Suomen L\u00e4hetysseuralle<\/a><time datetime=\"2023-09-16T11:36:13+00:00\" class=\"wp-block-latest-posts__post-date\">16.9.2023<\/time><div class=\"wp-block-latest-posts__post-excerpt\">Akys on l\u00e4hett\u00e4nyt 4.9.2023 seuraavan kirjeen Suomen L\u00e4hetysseuralle Suomen L\u00e4hetysseura Vuoden 2021 marraskuussa Suomen L\u00e4hetysseura ilmoitti lopettavansa yhteisty\u00f6ns\u00e4 palestiinalaisen lastensuojeluj\u00e4rjest\u00f6n DCI Palestinen kanssa Israelin julistettua sen viiden muun palestiinalaisen j\u00e4rjest\u00f6n kanssa terroristiksi. &hellip; <p class=\"link-more\"><a href=\"https:\/\/akys.kapsi.fi\/wordpress\/kirje-suomen-lahetysseuralle\/\" class=\"more-link\">Jatka lukemista<span class=\"screen-reader-text\"> &#8221;Kirje Suomen L\u00e4hetysseuralle&#8221;<\/span><\/a><\/p><\/div><\/li>\n<li><a class=\"wp-block-latest-posts__post-title\" href=\"https:\/\/akys.kapsi.fi\/wordpress\/suomen-aanestys-ykn-dekolonisaatiokomiteassa\/\">Suomen \u00e4\u00e4nestys YK:n dekolonisaatiokomiteassa<\/a><time datetime=\"2022-11-19T06:05:16+00:00\" class=\"wp-block-latest-posts__post-date\">19.11.2022<\/time><div class=\"wp-block-latest-posts__post-excerpt\">Akys on l\u00e4hett\u00e4nyt 15.11.2022 seuraavan kirjeen ulkoministeri Pekka Haavistolle Ulkoministeri Pekka Haavisto Olemme joutuneet tyrmistykseksemme havaitsemaan, ett\u00e4 YK:n nelj\u00e4nnen komitean \u00e4\u00e4nestyksess\u00e4, jossa \u00e4\u00e4nestettiin Israelin miehityksen oikeudellisia seurauksia koskevan neuvoa-antavan mielipiteen pyyt\u00e4misest\u00e4 Kansainv\u00e4liselt\u00e4 &hellip; <p class=\"link-more\"><a href=\"https:\/\/akys.kapsi.fi\/wordpress\/suomen-aanestys-ykn-dekolonisaatiokomiteassa\/\" class=\"more-link\">Jatka lukemista<span class=\"screen-reader-text\"> &#8221;Suomen \u00e4\u00e4nestys YK:n dekolonisaatiokomiteassa&#8221;<\/span><\/a><\/p><\/div><\/li>\n<li><a class=\"wp-block-latest-posts__post-title\" href=\"https:\/\/akys.kapsi.fi\/wordpress\/suomen-lahetysseura-ja-dci-p\/\">Suomen l\u00e4hetysseura ja DCI-P<\/a><time datetime=\"2021-11-07T10:06:52+00:00\" class=\"wp-block-latest-posts__post-date\">7.11.2021<\/time><div class=\"wp-block-latest-posts__post-excerpt\">AKYS on l\u00e4hett\u00e4nyt 7.11.2021 kirjeen Suomen L\u00e4hetysseuralle: Suomen L\u00e4hetysseura, Suruksemme saimme lukea lehdest\u00e4, ett\u00e4 L\u00e4hetysseura on p\u00e4\u00e4tt\u00e4nyt katkaista tukensa palestiinalaiselle lastensuojeluj\u00e4rjest\u00f6lle DCI-P:lle Israelin julistettua sen olevan yksi kuudesta terrorismin tukemisesta syytetyst\u00e4 palestiinalaisj\u00e4rjest\u00f6st\u00e4. &hellip; <p class=\"link-more\"><a href=\"https:\/\/akys.kapsi.fi\/wordpress\/suomen-lahetysseura-ja-dci-p\/\" class=\"more-link\">Jatka lukemista<span class=\"screen-reader-text\"> &#8221;Suomen l\u00e4hetysseura ja DCI-P&#8221;<\/span><\/a><\/p><\/div><\/li>\n<li><a class=\"wp-block-latest-posts__post-title\" href=\"https:\/\/akys.kapsi.fi\/wordpress\/miehitys-vahingoittaa-kaikkia\/\">Miehitys vahingoittaa kaikkia<\/a><time datetime=\"2021-07-25T16:37:23+00:00\" class=\"wp-block-latest-posts__post-date\">25.7.2021<\/time><div class=\"wp-block-latest-posts__post-excerpt\">AKYS toimitti 22.7.2021 Helsingin sanomien mielipideosastoon alla olevan kirjoituksen. T\u00e4m\u00e4 oli kuudes per\u00e4tt\u00e4inen AKYSin kirjoitus, jonka lehti j\u00e4tti julkaisematta. Israelilaisen Pegasus-vakoiluohjelman k\u00e4ytt\u00f6 autoritaaristen maiden toimesta toimittajien, poliitikkojen ja ihmisoikeusaktivistien vakoiluun kirvoitti Helsingin &hellip; <p class=\"link-more\"><a href=\"https:\/\/akys.kapsi.fi\/wordpress\/miehitys-vahingoittaa-kaikkia\/\" class=\"more-link\">Jatka lukemista<span class=\"screen-reader-text\"> &#8221;Miehitys vahingoittaa kaikkia&#8221;<\/span><\/a><\/p><\/div><\/li>\n<li><a class=\"wp-block-latest-posts__post-title\" href=\"https:\/\/akys.kapsi.fi\/wordpress\/jarjestot-ohjushankinnasta-kansainvalinen-laki-huomiotava\/\">J\u00e4rjest\u00f6t ohjushankinnasta: Kansainv\u00e4linen laki huomioitava<\/a><time datetime=\"2020-12-04T11:31:06+00:00\" class=\"wp-block-latest-posts__post-date\">4.12.2020<\/time><div class=\"wp-block-latest-posts__post-excerpt\">AKYS on 4.12.2020 yhdess\u00e4 ICAHD Finlandin, Rauhanpuolustajien ja Sadankomitean kanssa toimittanut Valtioneuvoston ulko- ja puolustuspoliittiselle ministerivaliokunnalle ja Eduskunnan puolustusvaliokunnalle Puolustusvoiminen ilmatorjunnan korkeatorjunnan kehitt\u00e4mist\u00e4 koskevan kannanoton. Korjaus:Kannaotossa sanotaan IAI:n olevan YK:n siirtokuntiin kytkeytyneiden &hellip; <p class=\"link-more\"><a href=\"https:\/\/akys.kapsi.fi\/wordpress\/jarjestot-ohjushankinnasta-kansainvalinen-laki-huomiotava\/\" class=\"more-link\">Jatka lukemista<span class=\"screen-reader-text\"> &#8221;J\u00e4rjest\u00f6t ohjushankinnasta: Kansainv\u00e4linen laki huomioitava&#8221;<\/span><\/a><\/p><\/div><\/li>\n<li><a class=\"wp-block-latest-posts__post-title\" href=\"https:\/\/akys.kapsi.fi\/wordpress\/kansainvalinen-laki-huomioitava-suomenkin-asehankinnoissa\/\">Kansainv\u00e4linen laki huomioitava asehankinnoissa<\/a><time datetime=\"2020-11-21T01:06:04+00:00\" class=\"wp-block-latest-posts__post-date\">21.11.2020<\/time><div class=\"wp-block-latest-posts__post-excerpt\">AKYS on toimittanut Rauhanpuolustajien ja \u015aadankomitean kanssa 21.11.2020 seuraavan mielipidekirjoituksen Helsingin Sanomiin. T\u00e4m\u00e4 on viides per\u00e4tt\u00e4inen Israel\/Palestiinaa koskeva kirjoitus, jonka HS on j\u00e4tt\u00e4nyt julkaisematta. Kansainv\u00e4linen laki huomioitava asehankinnoissa Puolustusvoimat on j\u00e4tt\u00e4nyt uusia &hellip; <p class=\"link-more\"><a href=\"https:\/\/akys.kapsi.fi\/wordpress\/kansainvalinen-laki-huomioitava-suomenkin-asehankinnoissa\/\" class=\"more-link\">Jatka lukemista<span class=\"screen-reader-text\"> &#8221;Kansainv\u00e4linen laki huomioitava asehankinnoissa&#8221;<\/span><\/a><\/p><\/div><\/li>\n<li><a class=\"wp-block-latest-posts__post-title\" href=\"https:\/\/akys.kapsi.fi\/wordpress\/ei-eun-ja-israelin-assosiaationeuvostolle\/\">Ei EU:n ja Israelin assosiaationeuvostolle<\/a><time datetime=\"2020-09-02T16:49:57+00:00\" class=\"wp-block-latest-posts__post-date\">2.9.2020<\/time><div class=\"wp-block-latest-posts__post-excerpt\">Ulkoministeri Pekka Haavisto Vuonna 2013 EU:n ja Israelin assosiaationeuvoston korkean tason tapaamiset lopetettiin Israelin siirtokuntapolitiikan luomien poliittisten j\u00e4nnitteiden vuoksi. Nyt, kun Israel on Arabiemiraattien kanssa tekem\u00e4ns\u00e4 sopimuksen yhteydess\u00e4 ilmoittanut lykk\u00e4\u00e4v\u00e4ns\u00e4 suunniteltuja L\u00e4nsirannan &hellip; <p class=\"link-more\"><a href=\"https:\/\/akys.kapsi.fi\/wordpress\/ei-eun-ja-israelin-assosiaationeuvostolle\/\" class=\"more-link\">Jatka lukemista<span class=\"screen-reader-text\"> &#8221;Ei EU:n ja Israelin assosiaationeuvostolle&#8221;<\/span><\/a><\/p><\/div><\/li>\n<li><a class=\"wp-block-latest-posts__post-title\" href=\"https:\/\/akys.kapsi.fi\/wordpress\/gazan-katastrofi-estettava\/\">Gazan katastrofi estett\u00e4v\u00e4<\/a><time datetime=\"2020-08-31T16:07:22+00:00\" class=\"wp-block-latest-posts__post-date\">31.8.2020<\/time><div class=\"wp-block-latest-posts__post-excerpt\">Ulkoministeri Pekka Haavisto Israelin miehitt\u00e4mill\u00e4 alueilla toimivat ihmisoikeusj\u00e4rjest\u00f6t raportoivat Gazan humanitaarisen tilanteen k\u00e4rjistymisest\u00e4 entisest\u00e4\u00e4n siell\u00e4 levi\u00e4v\u00e4n Korona-pandemian, Israelin saarron tiukentamisen ja Israelin taas aloittamien pommitusten johdosta.1 Oloissa, miss\u00e4 pienelle alueelle ahdettujen kahden &hellip; <p class=\"link-more\"><a href=\"https:\/\/akys.kapsi.fi\/wordpress\/gazan-katastrofi-estettava\/\" class=\"more-link\">Jatka lukemista<span class=\"screen-reader-text\"> &#8221;Gazan katastrofi estett\u00e4v\u00e4&#8221;<\/span><\/a><\/p><\/div><\/li>\n<li><a class=\"wp-block-latest-posts__post-title\" href=\"https:\/\/akys.kapsi.fi\/wordpress\/eun-toimittava-trumpinnetanjahun-suunnitelman-torjumiseksi\/\">EU:n toimittava Trumpin\/Netanjahun suunnitelman torjumiseksi<\/a><time datetime=\"2020-06-23T05:36:36+00:00\" class=\"wp-block-latest-posts__post-date\">23.6.2020<\/time><div class=\"wp-block-latest-posts__post-excerpt\">Akys toimitti 16.6.2020 mielipidekirjoituksen Helsingin Sanomiin. Lehti j\u00e4tti kuitenkin vanhaan tapaan AKYSin kirjoituksen julkaisematta. EU:n toimittava Trumpin\/Netanjahun suunnitelman torjumiseksi Israelissa t\u00e4h\u00e4n saakka l\u00e4hinn\u00e4 vain uskonkiihkoisimman v\u00e4hemmist\u00f6n toiveissa ollut miehitetyn L\u00e4nsirannan siirtokuntien liitt\u00e4minen &hellip; <p class=\"link-more\"><a href=\"https:\/\/akys.kapsi.fi\/wordpress\/eun-toimittava-trumpinnetanjahun-suunnitelman-torjumiseksi\/\" class=\"more-link\">Jatka lukemista<span class=\"screen-reader-text\"> &#8221;EU:n toimittava Trumpin\/Netanjahun suunnitelman torjumiseksi&#8221;<\/span><\/a><\/p><\/div><\/li>\n<li><a class=\"wp-block-latest-posts__post-title\" href=\"https:\/\/akys.kapsi.fi\/wordpress\/ei-eu-rahoja-kansainvalista-lakia-rikkoneille-israelilaisille-aseyhtioille\/\">Ei EU-rahoja kansainv\u00e4lista lakia rikkoneille israelilaisille aseyhti\u00f6ille<\/a><time datetime=\"2019-12-18T12:23:39+00:00\" class=\"wp-block-latest-posts__post-date\">18.12.2019<\/time><div class=\"wp-block-latest-posts__post-excerpt\">AKYS on toimittanut 16.12.2019 hallitukselle ECCP:n kampanjaan liittyv\u00e4n vetoomuksen _______________________________________________________________________ Arvoisa ministeri \/ puolueen puheenjohtaja Kirjoitan teille j\u00e4rjest\u00f6mme, Arabikansojen yst\u00e4vyysseuran, puolesta kiinnitt\u00e4ksenne huomiotanne EU:n uuteen Horisontti Eurooppa tutkimuksen ja innovoinnin kehitysohjelmaan. Sopimuksesta &hellip; <p class=\"link-more\"><a href=\"https:\/\/akys.kapsi.fi\/wordpress\/ei-eu-rahoja-kansainvalista-lakia-rikkoneille-israelilaisille-aseyhtioille\/\" class=\"more-link\">Jatka lukemista<span class=\"screen-reader-text\"> &#8221;Ei EU-rahoja kansainv\u00e4lista lakia rikkoneille israelilaisille aseyhti\u00f6ille&#8221;<\/span><\/a><\/p><\/div><\/li>\n<li><a class=\"wp-block-latest-posts__post-title\" href=\"https:\/\/akys.kapsi.fi\/wordpress\/suomen-ja-israelin-asekauppa-lopetettava\/\">Suomen ja Israelin asekauppa lopetettava<\/a><time datetime=\"2019-06-11T10:20:30+00:00\" class=\"wp-block-latest-posts__post-date\">11.6.2019<\/time><div class=\"wp-block-latest-posts__post-excerpt\">AKYS on 11.6.2019 yhdeks\u00e4n muun kansalaisj\u00e4rjest\u00f6n kanssa toimittanut eduskunnalle ja hallitukselle avoimen kirjeen, jossa vaaditaan aseostojen lopettamista Israelista.<\/div><\/li>\n<li><a class=\"wp-block-latest-posts__post-title\" href=\"https:\/\/akys.kapsi.fi\/wordpress\/suomen-ohjushankintapaatos-peruttava\/\">Suomen ohjushankintap\u00e4\u00e4t\u00f6s peruttava<\/a><time datetime=\"2018-07-08T08:42:20+00:00\" class=\"wp-block-latest-posts__post-date\">8.7.2018<\/time><div class=\"wp-block-latest-posts__post-excerpt\">AKYS on toimittanut seuraavan kannanoton hallitukselle, puolustusministeri\u00f6lle, eduskunnan ulkoasiainvaliokunnalle ja tiedotusv\u00e4lineille 8.7.2018. Kymmeni\u00e4 tuhansia palestiinalaisia, suurin osa aseettomia siviilej\u00e4, on saanut surmansa Israelin armeijan operaatioissa (vuoden 1987 j\u00e4lkeen 13000 varmennettua tapausta B&#8217;Tselemin &hellip; <p class=\"link-more\"><a href=\"https:\/\/akys.kapsi.fi\/wordpress\/suomen-ohjushankintapaatos-peruttava\/\" class=\"more-link\">Jatka lukemista<span class=\"screen-reader-text\"> &#8221;Suomen ohjushankintap\u00e4\u00e4t\u00f6s peruttava&#8221;<\/span><\/a><\/p><\/div><\/li>\n<li><a class=\"wp-block-latest-posts__post-title\" href=\"https:\/\/akys.kapsi.fi\/wordpress\/israelin-miehitys-laiton\/\">Israelin miehitys laiton<\/a><time datetime=\"2018-04-26T09:53:47+00:00\" class=\"wp-block-latest-posts__post-date\">26.4.2018<\/time><div class=\"wp-block-latest-posts__post-excerpt\">AKYS on toimittanut 26.4.2018 ulkoministeri\u00f6\u00f6n seuraavan viestin: Arvoisa ulkoministeri Timo Soini Haluamme toimittaa tietoonne YK:n miehitettyjen palestiinalaisalueiden humanit\u00e4\u00e4risten oikeuksien erikoistarkkailijan raportin A\/72\/556, joka keskittyy miehityksen lainopillisiin puitteisiin. T\u00e4h\u00e4n saakkaa kansainv\u00e4linen yhteis\u00f6 on &hellip; <p class=\"link-more\"><a href=\"https:\/\/akys.kapsi.fi\/wordpress\/israelin-miehitys-laiton\/\" class=\"more-link\">Jatka lukemista<span class=\"screen-reader-text\"> &#8221;Israelin miehitys laiton&#8221;<\/span><\/a><\/p><\/div><\/li>\n<li><a class=\"wp-block-latest-posts__post-title\" href=\"https:\/\/akys.kapsi.fi\/wordpress\/vetoa-palestiinan-valtion-tunnustamisen-puolesta\/\">Vaadi Suomea tunnustamaan Palestiinan valtio<\/a><time datetime=\"2018-01-31T09:43:18+00:00\" class=\"wp-block-latest-posts__post-date\">31.1.2018<\/time><div class=\"wp-block-latest-posts__post-excerpt\">AKYSin joulukuussa 2017 liikkeelle pantu kansalaisadressi on toimitettu 31.1.2018 hallitukselle, eduskunnan ulkoasiainvaliokunnalle, presidentille ja ulkoministeri\u00f6\u00f6n: Valtioneuvostolle ja eduskunnalle Yksipuolisella julistuksellaan Jerusalemin asemasta, josta muun kansainv\u00e4lisen yhteis\u00f6n kannan mukaan pit\u00e4isi p\u00e4\u00e4tt\u00e4\u00e4 vasta osana &hellip; <p class=\"link-more\"><a href=\"https:\/\/akys.kapsi.fi\/wordpress\/vetoa-palestiinan-valtion-tunnustamisen-puolesta\/\" class=\"more-link\">Jatka lukemista<span class=\"screen-reader-text\"> &#8221;Vaadi Suomea tunnustamaan Palestiinan valtio&#8221;<\/span><\/a><\/p><\/div><\/li>\n<li><a class=\"wp-block-latest-posts__post-title\" href=\"https:\/\/akys.kapsi.fi\/wordpress\/asevienti-lahi-itaan-lopetettava\/\">Asevienti L\u00e4hi-it\u00e4\u00e4n lopetettava<\/a><time datetime=\"2018-01-16T08:29:17+00:00\" class=\"wp-block-latest-posts__post-date\">16.1.2018<\/time><div class=\"wp-block-latest-posts__post-excerpt\">16.1.2018 Valtioneuvosto, Ulkoministeri\u00f6, Puolustusministeri\u00f6 Viime vuosina Suomen asevienti L\u00e4hi-it\u00e4\u00e4n on lis\u00e4\u00e4ntynyt voimakkaasti enn\u00e4tyslukemiin. Uutisten mukaan t\u00e4m\u00e4 on pitk\u00e4aikaisten vientiponnistelujen tulosta. Aseiden kysynt\u00e4\u00e4 lis\u00e4\u00e4 nykyinen L\u00e4hi-id\u00e4n maiden v\u00e4lisen ja niiden sis\u00e4isen v\u00e4kivallan kierre, &hellip; <p class=\"link-more\"><a href=\"https:\/\/akys.kapsi.fi\/wordpress\/asevienti-lahi-itaan-lopetettava\/\" class=\"more-link\">Jatka lukemista<span class=\"screen-reader-text\"> &#8221;Asevienti L\u00e4hi-it\u00e4\u00e4n lopetettava&#8221;<\/span><\/a><\/p><\/div><\/li>\n<li><a class=\"wp-block-latest-posts__post-title\" href=\"https:\/\/akys.kapsi.fi\/wordpress\/vetoomus-suomen-vetaytymiseksi-eun-law-train-projektista\/\">Vetoomus Suomen vet\u00e4ytymiseksi EU:n LAW TRAIN-projektista<\/a><time datetime=\"2016-10-15T11:04:06+00:00\" class=\"wp-block-latest-posts__post-date\">15.10.2016<\/time><div class=\"wp-block-latest-posts__post-excerpt\">Akys on l\u00e4hett\u00e4nyt lokakuussa 2016 Ulkoministeri\u00f6\u00f6n vetoomuksen, jossa vaaditaan Suomea olemaan osallistumatta EU:n LAW TRAIN projektiin. Projekti on Israelin vet\u00e4m\u00e4 ja siin\u00e4 on tarkoitus luoda EWU-maille ja Israelille yhteinen tekninen alusta poliisin &hellip; <p class=\"link-more\"><a href=\"https:\/\/akys.kapsi.fi\/wordpress\/vetoomus-suomen-vetaytymiseksi-eun-law-train-projektista\/\" class=\"more-link\">Jatka lukemista<span class=\"screen-reader-text\"> &#8221;Vetoomus Suomen vet\u00e4ytymiseksi EU:n LAW TRAIN-projektista&#8221;<\/span><\/a><\/p><\/div><\/li>\n<li><a class=\"wp-block-latest-posts__post-title\" href=\"https:\/\/akys.kapsi.fi\/wordpress\/vetoomus-susyan-kylan-pelastamiseksi\/\">AKYS vetoaa Susyan kyl\u00e4n puolesta<\/a><time datetime=\"2015-07-29T04:19:33+00:00\" class=\"wp-block-latest-posts__post-date\">29.7.2015<\/time><div class=\"wp-block-latest-posts__post-excerpt\">Arabikansojen yst\u00e4vyysseura on vedonnut Suomen ulkoministeriin, jotta h\u00e4n ottaisi kantaa Susyan asukkaiden kotien tuhoamista vastaan. Ulkoministeri Timo Soini 22.7.2015 Kirjoitan teille ilmaistakseni huoleni suunnitellusta Susyan kyl\u00e4n laittomasta purkamisesta. Kyl\u00e4 sijaitsee etel\u00e4isill\u00e4 Hebronin &hellip; <p class=\"link-more\"><a href=\"https:\/\/akys.kapsi.fi\/wordpress\/vetoomus-susyan-kylan-pelastamiseksi\/\" class=\"more-link\">Jatka lukemista<span class=\"screen-reader-text\"> &#8221;AKYS vetoaa Susyan kyl\u00e4n puolesta&#8221;<\/span><\/a><\/p><\/div><\/li>\n<li><a class=\"wp-block-latest-posts__post-title\" href=\"https:\/\/akys.kapsi.fi\/wordpress\/kansalaisjarjestestojen-kirje-kansanedustajille\/\">Kansalaisj\u00e4rjest\u00f6jen kirje kehitysyhteisty\u00f6n pelastamiseksi<\/a><time datetime=\"2015-06-08T08:01:27+00:00\" class=\"wp-block-latest-posts__post-date\">8.6.2015<\/time><div class=\"wp-block-latest-posts__post-excerpt\">My\u00f6s AKYS on p\u00e4\u00e4tt\u00e4nyt allekirjoittaa alla olevan, kansalaisj\u00e4rjest\u00f6jen yhteisen kirjeen kansanedustajille. Tavoitteena on saada eduskunta perumaan j\u00e4ttileikkaukset kehitysyhteisty\u00f6h\u00f6n.\u00a0 Sin\u00e4 voit vedota kansanedustajiin sivustolla http:\/\/pelastetaankehitysyhteistyo.fi\/ Hyv\u00e4 kansanedustaja, Kehitysyhteisty\u00f6h\u00f6n kaavaillut leikkaukset vaikuttavat suoraan miljoonien &hellip; <p class=\"link-more\"><a href=\"https:\/\/akys.kapsi.fi\/wordpress\/kansalaisjarjestestojen-kirje-kansanedustajille\/\" class=\"more-link\">Jatka lukemista<span class=\"screen-reader-text\"> &#8221;Kansalaisj\u00e4rjest\u00f6jen kirje kehitysyhteisty\u00f6n pelastamiseksi&#8221;<\/span><\/a><\/p><\/div><\/li>\n<li><a class=\"wp-block-latest-posts__post-title\" href=\"https:\/\/akys.kapsi.fi\/wordpress\/vetoomus-ammattiyhdistysliikkeelle\/\">Vetoomus ammattiyhdistysliikkeelle<\/a><time datetime=\"2014-08-12T14:14:25+00:00\" class=\"wp-block-latest-posts__post-date\">12.8.2014<\/time><div class=\"wp-block-latest-posts__post-excerpt\">AKYS on toimittanut yhdess\u00e4 ICAHD Finlandin ja Palestiinalaisten siirtokuntayhdistyksen kanssa elokuussa 2014 kutsun ammattiyhdistysliikkeelle toimintaan kest\u00e4v\u00e4n ja oikeudenmukaisen rauhan saamiseksi Israelin ja palestiinalaisten v\u00e4lille VetoomusAmmattiyhdistysliikkeelle.pdf<\/div><\/li>\n<li><a class=\"wp-block-latest-posts__post-title\" href=\"https:\/\/akys.kapsi.fi\/wordpress\/eu-parlamentin-hylattava-eun-ja-israelin-yhteistyosopimuksen-laajennus\/\">EU-parlamentin hyl\u00e4tt\u00e4v\u00e4 EU:n ja Israelin yhteisty\u00f6sopimuksen laajennus<\/a><time datetime=\"2012-05-12T14:22:19+00:00\" class=\"wp-block-latest-posts__post-date\">12.5.2012<\/time><div class=\"wp-block-latest-posts__post-excerpt\">AKYS on toimittanut seuraavan vetoomuksen huhtikuussa 2012 suomalaisille EU-parlamentin j\u00e4senille osana eurooppalaista ACAA-sopimuksen vastaista kampanjaa.<\/div><\/li>\n<li><a class=\"wp-block-latest-posts__post-title\" href=\"https:\/\/akys.kapsi.fi\/wordpress\/s-ryhman-lopetettava-siirtokuntatuotteiden-myynti\/\">S-ryhm\u00e4n lopetettava siirtokuntatuotteiden myynti<\/a><time datetime=\"2012-05-12T14:20:49+00:00\" class=\"wp-block-latest-posts__post-date\">12.5.2012<\/time><div class=\"wp-block-latest-posts__post-excerpt\">AKYS on toimittanut toukokuussa 2012 seuraavan kannanoton S-ryhm\u00e4lle<\/div><\/li>\n<li><a class=\"wp-block-latest-posts__post-title\" href=\"https:\/\/akys.kapsi.fi\/wordpress\/kannanotto-suomen-lahi-idan-politiikan-johdosta\/\">Kannanotto Suomen L\u00e4hi-id\u00e4n politiikan johdosta<\/a><time datetime=\"2012-03-15T14:30:43+00:00\" class=\"wp-block-latest-posts__post-date\">15.3.2012<\/time><div class=\"wp-block-latest-posts__post-excerpt\">AKYS on toimittanut maaliskuussa 2012 seuraavan kannanoton Suomen L\u00e4hi-id\u00e4n politiikan johdonmukaisuuden ja tasapuolisuuden puolesta<\/div><\/li>\n<li><a class=\"wp-block-latest-posts__post-title\" href=\"https:\/\/akys.kapsi.fi\/wordpress\/803-2\/\">Vetoomus  Palestiinan valtion tunnustamiseksi YK:ssa<\/a><time datetime=\"2011-08-15T14:39:59+00:00\" class=\"wp-block-latest-posts__post-date\">15.8.2011<\/time><div class=\"wp-block-latest-posts__post-excerpt\">AKYS on toimittanut elokuussa 2011 Suomen ulkopoliittiselle johdolle vetoomuksen Palestiinan hyv\u00e4ksymisest\u00e4 YK:n j\u00e4seneksi<\/div><\/li>\n<li><a class=\"wp-block-latest-posts__post-title\" href=\"https:\/\/akys.kapsi.fi\/wordpress\/vetoomus-syyrian-kansan-puolesta\/\">Vetoomus Syyrian kansan puolesta<\/a><time datetime=\"2011-06-20T14:49:00+00:00\" class=\"wp-block-latest-posts__post-date\">20.6.2011<\/time><div class=\"wp-block-latest-posts__post-excerpt\">Suomi &#8211; Syyria yst\u00e4vyysseura ja AKYS ovat toimittaneet seuraavan vetoomuksen Suomen ulkopoliittiselle johdolle kes\u00e4kuussa 2011<\/div><\/li>\n<li><a class=\"wp-block-latest-posts__post-title\" href=\"https:\/\/akys.kapsi.fi\/wordpress\/suomen-tunnustettava-palestiinan-valtio\/\">Suomen tunnustettava Palestiinan valtio<\/a><time datetime=\"2011-01-15T14:51:49+00:00\" class=\"wp-block-latest-posts__post-date\">15.1.2011<\/time><div class=\"wp-block-latest-posts__post-excerpt\">AKYS on toimittanut tammikuussa 2011 Suomen ulkopoliittiselle johdolle vetoomuksen Palestiinan valtion tunnustamiseksi<\/div><\/li>\n<li><a class=\"wp-block-latest-posts__post-title\" href=\"https:\/\/akys.kapsi.fi\/wordpress\/testi\/\">Vetoomus  Suomen ja Israelin asekauppojen johdosta<\/a><time datetime=\"2010-11-10T10:55:37+00:00\" class=\"wp-block-latest-posts__post-date\">10.11.2010<\/time><div class=\"wp-block-latest-posts__post-excerpt\">Vetoomus Suomen ja Israelin asekauppojen johdosta Julkisuudessa olleiden tietojen mukaan Suomen puolustusvoimat on aikeissa hankkia lis\u00e4\u00e4 miehitt\u00e4m\u00e4tt\u00f6mi\u00e4 lentokoneita jo k\u00e4yt\u00f6ss\u00e4 olevien sveitsil\u00e4isvalmisteisten Ranger-koneiden lis\u00e4ksi. Mahdollisena uusien koneiden toimittajana on mainittu Israel.<\/div><\/li>\n<li><a class=\"wp-block-latest-posts__post-title\" href=\"https:\/\/akys.kapsi.fi\/wordpress\/vetoomus-suomalaisille-ammattiliitoille\/\">Vetoomus suomalaisille ammattiliitoille<\/a><time datetime=\"2010-08-20T14:57:33+00:00\" class=\"wp-block-latest-posts__post-date\">20.8.2010<\/time><div class=\"wp-block-latest-posts__post-excerpt\">Vetoomus suomalaisille ammattiliitoille Kansainv\u00e4lisen ammattiyhdistysliikkeen periaatteisiin kuuluu rauhan, oikeudenmukaisuuden ja yleismaailmallisten ihmis- ja ty\u00f6ntekij\u00f6iden oikeuksien edist\u00e4minen maailman kaikissa maissa. Useat suomalaiset ammattiliitot kantavat vastuutaan n\u00e4iden tavoitteiden saavuttamiseksi tekem\u00e4ll\u00e4 kansainv\u00e4list\u00e4 yhteisty\u00f6t\u00e4 ja harjoittamalla &hellip; <p class=\"link-more\"><a href=\"https:\/\/akys.kapsi.fi\/wordpress\/vetoomus-suomalaisille-ammattiliitoille\/\" class=\"more-link\">Jatka lukemista<span class=\"screen-reader-text\"> &#8221;Vetoomus suomalaisille ammattiliitoille&#8221;<\/span><\/a><\/p><\/div><\/li>\n<li><a class=\"wp-block-latest-posts__post-title\" href=\"https:\/\/akys.kapsi.fi\/wordpress\/vetoomus-gazan-avustussaattuseeseen-tehdyn-hyokkayksen-tuomitsemiseksi\/\">Vetoomus Gazan avustussaattuseeseen tehdyn hy\u00f6kk\u00e4yksen tuomitsemiseksi<\/a><time datetime=\"2010-05-30T14:59:56+00:00\" class=\"wp-block-latest-posts__post-date\">30.5.2010<\/time><div class=\"wp-block-latest-posts__post-excerpt\">P\u00e4\u00e4ministeri Matti Vanhanen Ulkoministeri Alexander Stubb Vetoamme Suomen hallitukseen, ett\u00e4 se tuomitsisi v\u00e4litt\u00f6m\u00e4sti Israelin brutaalin hy\u00f6kk\u00e4yksen Gazaan avustustarvikkeita kuljettavan kansalaisaktivistien laivasaattueen kimppuun ja vaatisi saattueen p\u00e4\u00e4st\u00e4mist\u00e4 Gazaan.<\/div><\/li>\n<li><a class=\"wp-block-latest-posts__post-title\" href=\"https:\/\/akys.kapsi.fi\/wordpress\/vetoomus-lansirannalla-asumista-kriminalisoivan-maarayksen-peruuttamiseksi\/\">Vetoomus L\u00e4nsirannalla asumista kriminalisoivan m\u00e4\u00e4r\u00e4yksen peruuttamiseksi<\/a><time datetime=\"2010-04-08T15:06:50+00:00\" class=\"wp-block-latest-posts__post-date\">8.4.2010<\/time><div class=\"wp-block-latest-posts__post-excerpt\">P\u00e4\u00e4ministeri Matti Vanhanen Ulkoministeri Alexander Stubb Israelin korkeimman sotilasjohdon lokakuussa 2009 antaman uuden m\u00e4\u00e4r\u00e4yksen numero 1650 mukaan kaikki L\u00e4nsirannalla asuvat palestiinalaiset, joilla ei ole &#8221;voimassa olevaa lupaa&#8221;, luokitellaan maahantunkeutujiksi tai laittomiksi asukkaiksi. &hellip; <p class=\"link-more\"><a href=\"https:\/\/akys.kapsi.fi\/wordpress\/vetoomus-lansirannalla-asumista-kriminalisoivan-maarayksen-peruuttamiseksi\/\" class=\"more-link\">Jatka lukemista<span class=\"screen-reader-text\"> &#8221;Vetoomus L\u00e4nsirannalla asumista kriminalisoivan m\u00e4\u00e4r\u00e4yksen peruuttamiseksi&#8221;<\/span><\/a><\/p><\/div><\/li>\n<li><a class=\"wp-block-latest-posts__post-title\" href=\"https:\/\/akys.kapsi.fi\/wordpress\/vetoomus-siirtokuntatuotteiden-alkuperan-merkitsemiseksi\/\">Vetoomus siirtokuntatuotteiden alkuper\u00e4n merkitsemiseksi<\/a><time datetime=\"2009-12-12T12:46:58+00:00\" class=\"wp-block-latest-posts__post-date\">12.12.2009<\/time><div class=\"wp-block-latest-posts__post-excerpt\">P\u00e4\u00e4ministeri Matti Vanhanen Elinkeinoministeri Mauri Pekkarinen Kuluttajavirasto \/ ylijohtaja Marita Wilska Yhdysvaltain uuden presidentin Barak Obaman uuden L\u00e4hi-id\u00e4n-politiikan my\u00f6t\u00e4 uutta toivoa saaneen Israelin ja palestiinalaisten v\u00e4lisen rauhanprosessin on sittemmin todettu uhkaavasti hiipuneen.<\/div><\/li>\n<li><a class=\"wp-block-latest-posts__post-title\" href=\"https:\/\/akys.kapsi.fi\/wordpress\/vetoomus-sitovien-velvoitteiden-sisallyttamiseksi-eun-ja-israelin-assosiaatiosopimukseen\/\">Vetoomus sitovien velvoitteiden sis\u00e4llytt\u00e4miseksi EU:n ja Israelin assosiaatiosopimukseen<\/a><time datetime=\"2008-12-15T12:49:13+00:00\" class=\"wp-block-latest-posts__post-date\">15.12.2008<\/time><div class=\"wp-block-latest-posts__post-excerpt\">Arabiakansojen yst\u00e4vyysseura on toimittanut joulukuussa 2008 alla olevan vetoomuksen p\u00e4\u00e4ministeri Matti Vanhaselle, ulkoministeri Alexander Stubbille ja ulkomaankauppa- ja kehitysministeri Paavo V\u00e4yryselle sek\u00e4 suomalaisille Euroopan parlamentin j\u00e4senille.<\/div><\/li>\n<li><a class=\"wp-block-latest-posts__post-title\" href=\"https:\/\/akys.kapsi.fi\/wordpress\/vetoomus-siirtokuntien-laajentamisen-estamiseksi-ita-jerusalemissa-ja-lansirannalla\/\">Vetoomus siirtokuntien laajentamisen est\u00e4miseksi It\u00e4-Jerusalemissa ja L\u00e4nsirannalla<\/a><time datetime=\"2008-06-16T12:51:02+00:00\" class=\"wp-block-latest-posts__post-date\">16.6.2008<\/time><div class=\"wp-block-latest-posts__post-excerpt\">P\u00e4\u00e4ministeri Matti Vanhanen Ulkoasianministeri Alexander Stubb Ulkomaankauppa- ja kehitysministeri Paavo V\u00e4yrynen Vetoamme Suomen hallitukseen, ett\u00e4 se esitt\u00e4isi vastalauseensa Israelille suunnitelmasta rakentaa yli tuhat uutta asuntoa miehitetylle It\u00e4-Jerusalemin alueelle, ja kehottaisi Euroopan unionia &hellip; <p class=\"link-more\"><a href=\"https:\/\/akys.kapsi.fi\/wordpress\/vetoomus-siirtokuntien-laajentamisen-estamiseksi-ita-jerusalemissa-ja-lansirannalla\/\" class=\"more-link\">Jatka lukemista<span class=\"screen-reader-text\"> &#8221;Vetoomus siirtokuntien laajentamisen est\u00e4miseksi It\u00e4-Jerusalemissa ja L\u00e4nsirannalla&#8221;<\/span><\/a><\/p><\/div><\/li>\n<li><a class=\"wp-block-latest-posts__post-title\" href=\"https:\/\/akys.kapsi.fi\/wordpress\/vetoomus-gazan-energiahuollon-katkaisemisen-estamiseksi\/\">Vetoomus Gazan energiahuollon katkaisemisen est\u00e4miseksi<\/a><time datetime=\"2007-07-30T12:53:21+00:00\" class=\"wp-block-latest-posts__post-date\">30.7.2007<\/time><div class=\"wp-block-latest-posts__post-excerpt\">P\u00e4\u00e4ministeri Matti Vanhanen Ulkoasiainministeri Ilkka Kanerva Ulkomaankauppa- ja kehitysministeri Paavo V\u00e4yrynen Israel on alkanut rajoittaa voimakkaasti polttoaineen toimituksia Gazaan sanoen syyksi sielt\u00e4 Israelin puolelle ammutut raketit. Gazan elinkeinot ovat jo nyt romahtaneet &hellip; <p class=\"link-more\"><a href=\"https:\/\/akys.kapsi.fi\/wordpress\/vetoomus-gazan-energiahuollon-katkaisemisen-estamiseksi\/\" class=\"more-link\">Jatka lukemista<span class=\"screen-reader-text\"> &#8221;Vetoomus Gazan energiahuollon katkaisemisen est\u00e4miseksi&#8221;<\/span><\/a><\/p><\/div><\/li>\n<li><a class=\"wp-block-latest-posts__post-title\" href=\"https:\/\/akys.kapsi.fi\/wordpress\/vetoomus-40-vuotisen-miehityksen-lopettamiseen-tahtaavan-ulkopolitiikan-puolesta\/\">Vetoomus 40-vuotisen miehityksen lopettamiseen t\u00e4ht\u00e4\u00e4v\u00e4n ulkopolitiikan puolesta<\/a><time datetime=\"2007-04-26T12:55:50+00:00\" class=\"wp-block-latest-posts__post-date\">26.4.2007<\/time><div class=\"wp-block-latest-posts__post-excerpt\">P\u00e4\u00e4ministeri Matti Vanhanen Ulkoministeri Ilkka Kanerva Ulkomaankauppaministeri Paavo V\u00e4yrynen Eduskunnan ulkoasiainvaliokunta Toukokuussa 2007 tulee kuluneeksi 40 vuotta Israelin suorittamasta It\u00e4-Jerusalemin, L\u00e4nsirannan, Gazan ja Syyrian Golanin kukkuloiden miehityksest\u00e4. 40 vuoden ajan Israel on &hellip; <p class=\"link-more\"><a href=\"https:\/\/akys.kapsi.fi\/wordpress\/vetoomus-40-vuotisen-miehityksen-lopettamiseen-tahtaavan-ulkopolitiikan-puolesta\/\" class=\"more-link\">Jatka lukemista<span class=\"screen-reader-text\"> &#8221;Vetoomus 40-vuotisen miehityksen lopettamiseen t\u00e4ht\u00e4\u00e4v\u00e4n ulkopolitiikan puolesta&#8221;<\/span><\/a><\/p><\/div><\/li>\n<li><a class=\"wp-block-latest-posts__post-title\" href=\"https:\/\/akys.kapsi.fi\/wordpress\/vetoomus-miehitettyjen-alueiden-ulkopalestiinalaisten-asumisoikeuden-puolesta\/\">Vetoomus miehitettyjen alueiden ulkopalestiinalaisten asumisoikeuden puolesta<\/a><time datetime=\"2006-12-17T12:59:56+00:00\" class=\"wp-block-latest-posts__post-date\">17.12.2006<\/time><div class=\"wp-block-latest-posts__post-excerpt\">P\u00e4\u00e4ministeri Matti Vanhanen Ulkoministeri Erkki Tuomioja Pyyd\u00e4mme saada kiinnitt\u00e4\u00e4 huomiotanne Israelin hallituksen uuteen tiukennettuun politiikkaan sellaisia miehitetyill\u00e4 alueilla asuvia palestiinalaista alkuper\u00e4\u00e4 olevia ihmisi\u00e4 kohtaan, joilla on ulkomaan passi. Palestiinalaisalueilla ty\u00f6skentelee ja asuu &hellip; <p class=\"link-more\"><a href=\"https:\/\/akys.kapsi.fi\/wordpress\/vetoomus-miehitettyjen-alueiden-ulkopalestiinalaisten-asumisoikeuden-puolesta\/\" class=\"more-link\">Jatka lukemista<span class=\"screen-reader-text\"> &#8221;Vetoomus miehitettyjen alueiden ulkopalestiinalaisten asumisoikeuden puolesta&#8221;<\/span><\/a><\/p><\/div><\/li>\n<li><a class=\"wp-block-latest-posts__post-title\" href=\"https:\/\/akys.kapsi.fi\/wordpress\/kysymys-suomen-hallitukselle-linjanvedosta-israelin-vapauttamisessa-ydinsulkusopimuksesta\/\">Kysymys Suomen hallitukselle linjanvedosta Israelin vapauttamisessa ydinsulkusopimuksesta<\/a><time datetime=\"2006-10-17T13:01:41+00:00\" class=\"wp-block-latest-posts__post-date\">17.10.2006<\/time><div class=\"wp-block-latest-posts__post-excerpt\">P\u00e4\u00e4ministeri Matti Vanhanen Ulkoministeri Erkki Tuomioja Ulkoasiainvaliokunnan puheenjohtaja Liisa Jaakonsaari Kansainv\u00e4lisen atomienergiaj\u00e4rjest\u00f6n IAEA:n syyskuisessa vuosikokouksessa Wieniss\u00e4 \u00e4\u00e4nestettiin p\u00e4\u00e4t\u00f6slauselmasta, joka olisi velvoittanut my\u00f6s Israelin liittym\u00e4\u00e4n ydinaseiden levi\u00e4mist\u00e4 est\u00e4v\u00e4\u00e4n sopimukseen. Muun muassa Suomi Euroopan &hellip; <p class=\"link-more\"><a href=\"https:\/\/akys.kapsi.fi\/wordpress\/kysymys-suomen-hallitukselle-linjanvedosta-israelin-vapauttamisessa-ydinsulkusopimuksesta\/\" class=\"more-link\">Jatka lukemista<span class=\"screen-reader-text\"> &#8221;Kysymys Suomen hallitukselle linjanvedosta Israelin vapauttamisessa ydinsulkusopimuksesta&#8221;<\/span><\/a><\/p><\/div><\/li>\n<li><a class=\"wp-block-latest-posts__post-title\" href=\"https:\/\/akys.kapsi.fi\/wordpress\/vetoomus-yleisradiolle-israelin-kutsumatta-jattamiseksi-euroviisuihin\/\">Vetoomus Yleisradiolle Israelin kutsumatta j\u00e4tt\u00e4miseksi Euroviisuihin<\/a><time datetime=\"2006-09-28T13:04:17+00:00\" class=\"wp-block-latest-posts__post-date\">28.9.2006<\/time><div class=\"wp-block-latest-posts__post-excerpt\">Suomen Yleisradio Euroopan Yleisradioliitto Vetoamme Suomen Yleisradioon ja Euroopan Yleisradioliittoon, ett\u00e4 Israelia ei kutsuttaisi ensi kev\u00e4\u00e4n\u00e4 Helsingiss\u00e4 pidett\u00e4viin Euroviisu-laulukilpailuihin.<\/div><\/li>\n<li><a class=\"wp-block-latest-posts__post-title\" href=\"https:\/\/akys.kapsi.fi\/wordpress\/vetoomus-eulle-israelin-taivuttamiseksi-rauhaan\/\">Vetoomus EU:lle Israelin taivuttamiseksi rauhaan<\/a><time datetime=\"2006-08-01T13:06:48+00:00\" class=\"wp-block-latest-posts__post-date\">1.8.2006<\/time><div class=\"wp-block-latest-posts__post-excerpt\">1.8.2006 P\u00e4\u00e4ministeri Matti Vanhanen Ulkoministeri Erkki Tuomioja Ulkomaankauppa- ja kehitysministeri Paula Lehtom\u00e4ki Euroopan unionin uskottavuuden L\u00e4hi-id\u00e4ss\u00e4 sanotaan olevan kriisiss\u00e4 sen toimintakyvyn ja vaikutusvallan v\u00e4h\u00e4isyyden vuoksi. T\u00e4t\u00e4 heijastavat hyvin komission puheenjohtajan Barroson sanat &hellip; <p class=\"link-more\"><a href=\"https:\/\/akys.kapsi.fi\/wordpress\/vetoomus-eulle-israelin-taivuttamiseksi-rauhaan\/\" class=\"more-link\">Jatka lukemista<span class=\"screen-reader-text\"> &#8221;Vetoomus EU:lle Israelin taivuttamiseksi rauhaan&#8221;<\/span><\/a><\/p><\/div><\/li>\n<li><a class=\"wp-block-latest-posts__post-title\" href=\"https:\/\/akys.kapsi.fi\/wordpress\/vetoomus-valtiojohdolle-eun-lahi-idan-politiikasta\/\">Vetoomus valtiojohdolle EU:n L\u00e4hi-id\u00e4n politiikasta<\/a><time datetime=\"2006-07-02T13:08:48+00:00\" class=\"wp-block-latest-posts__post-date\">2.7.2006<\/time><div class=\"wp-block-latest-posts__post-excerpt\">2.7.2006 Tasavallan presidentti Tarja Halonen P\u00e4\u00e4ministeri Matti Vanhanen Ulkoministeri Erkki Tuomioja Kuluvan vuoden alussa pidetyiss\u00e4 palestiinalaisten parlamenttivaaleissa Hamasin saaman vaalivoiton j\u00e4lkeen Israelissa on tehty yksi pommi-isku, jossa kuoli yhdeks\u00e4n ihmist\u00e4. Samana aikana &hellip; <p class=\"link-more\"><a href=\"https:\/\/akys.kapsi.fi\/wordpress\/vetoomus-valtiojohdolle-eun-lahi-idan-politiikasta\/\" class=\"more-link\">Jatka lukemista<span class=\"screen-reader-text\"> &#8221;Vetoomus valtiojohdolle EU:n L\u00e4hi-id\u00e4n politiikasta&#8221;<\/span><\/a><\/p><\/div><\/li>\n<li><a class=\"wp-block-latest-posts__post-title\" href=\"https:\/\/akys.kapsi.fi\/wordpress\/vetoomus-palestiinalaishallinnon-tuen-keskeyttamisen-johdosta\/\">Vetoomus palestiinalaishallinnon tuen keskeytt\u00e4misen johdosta<\/a><time datetime=\"2006-04-04T13:10:25+00:00\" class=\"wp-block-latest-posts__post-date\">4.4.2006<\/time><div class=\"wp-block-latest-posts__post-excerpt\">4.4.2006 Kauppa- ja teollisuusministeri Paula Lehtom\u00e4ki Palestiinalaisalueiden vaalituloksen johdosta Euroopan Unioni ja samalla my\u00f6s Suomen valtio ovat keskeytt\u00e4neet palestiinalaishallinnon taloudellisen tukemisen ja p\u00e4\u00e4tt\u00e4neet jatkaa vain v\u00e4ltt\u00e4m\u00e4tt\u00f6m\u00e4ksi katsottua humanitaarista apua.<\/div><\/li>\n<li><a class=\"wp-block-latest-posts__post-title\" href=\"https:\/\/akys.kapsi.fi\/wordpress\/vetoomus-palestiinalaishallinnon-tuen-jatkamiseksi\/\">Vetoomus palestiinalaishallinnon tuen jatkamiseksi<\/a><time datetime=\"2006-02-22T13:12:39+00:00\" class=\"wp-block-latest-posts__post-date\">22.2.2006<\/time><div class=\"wp-block-latest-posts__post-excerpt\">22.2.2006 Ulkoministeri Erkki Tuomioja Israelin hallitus on p\u00e4\u00e4tt\u00e4nyt palestiinalaisalueiden vaalituloksen johdosta keskeytt\u00e4\u00e4 palestiinalaisilta ker\u00e4\u00e4miens\u00e4 verojen siirt\u00e4misen palestiinalaishallinnolle ja kehottaa my\u00f6s palestiinalaishallintoa taloudellisesti tukevia maita lopettamaan tukemisen.<\/div><\/li>\n<li><a class=\"wp-block-latest-posts__post-title\" href=\"https:\/\/akys.kapsi.fi\/wordpress\/kirje-israelilais-palestiinalaiselle-perheiden-forumille\/\">Kirje Israelilais-Palestiinalaiselle perheiden forumille<\/a><time datetime=\"2006-01-15T13:14:38+00:00\" class=\"wp-block-latest-posts__post-date\">15.1.2006<\/time><div class=\"wp-block-latest-posts__post-excerpt\">Arabikansojen yst\u00e4vyysseura ja Helsingin Suomi-Israel-yhdistys ovat l\u00e4hett\u00e4neet tammikuussa 2006 seuraavan kirjeen Israelilais-Palestiinalaiselle perheiden forumille. Forumi tuo yhteen israelilaisia ja palestiinalaisia perheit\u00e4, jotka ovat menett\u00e4neet j\u00e4seni\u00e4 v\u00e4kivaltaisuuksissa.<\/div><\/li>\n<li><a class=\"wp-block-latest-posts__post-title\" href=\"https:\/\/akys.kapsi.fi\/wordpress\/tervehdys-palestiinalaisvangeille\/\">Tervehdys palestiinalaisvangeille<\/a><time datetime=\"2005-10-22T13:16:44+00:00\" class=\"wp-block-latest-posts__post-date\">22.10.2005<\/time><div class=\"wp-block-latest-posts__post-excerpt\">Arabikansojen yst\u00e4vyysseura ja Psykologien Sosiaalinen Vastuu ovat l\u00e4hett\u00e4neet 22.10.2005 oheisen viestin Palestiinan television ohjelmaan, jossa luetaan viestej\u00e4 Israelin vankiloissa oleville palestiinalaisille vangeille ja heid\u00e4n omaisilleen. Israelin vankilaviranomaiset sallivat vankien katsoa t\u00e4t\u00e4 ohjelmaa, &hellip; <p class=\"link-more\"><a href=\"https:\/\/akys.kapsi.fi\/wordpress\/tervehdys-palestiinalaisvangeille\/\" class=\"more-link\">Jatka lukemista<span class=\"screen-reader-text\"> &#8221;Tervehdys palestiinalaisvangeille&#8221;<\/span><\/a><\/p><\/div><\/li>\n<li><a class=\"wp-block-latest-posts__post-title\" href=\"https:\/\/akys.kapsi.fi\/wordpress\/huomautus-yleisradiolle-terrorismiohjelmasta\/\">Huomautus Yleisradiolle terrorismiohjelmasta<\/a><time datetime=\"2005-07-28T13:19:24+00:00\" class=\"wp-block-latest-posts__post-date\">28.7.2005<\/time><div class=\"wp-block-latest-posts__post-excerpt\">28.7.2005 Yleisradio Tiistaina 26.7. Ajankohtaisessa kakkosessa haastateltiin Israelin tiedustelupalvelun Mossadin entist\u00e4 johtajaa Englannin ja Egyptin \u00e4skeitt\u00e4isten pommi-iskujen johdosta. Johtaja luonnollisesti k\u00e4ytti tilaisuutta hyv\u00e4kseen ja yhdisti Euroopan ja Israelin yhteiseen terrorismin vastaisen sodan &hellip; <p class=\"link-more\"><a href=\"https:\/\/akys.kapsi.fi\/wordpress\/huomautus-yleisradiolle-terrorismiohjelmasta\/\" class=\"more-link\">Jatka lukemista<span class=\"screen-reader-text\"> &#8221;Huomautus Yleisradiolle terrorismiohjelmasta&#8221;<\/span><\/a><\/p><\/div><\/li>\n<li><a class=\"wp-block-latest-posts__post-title\" href=\"https:\/\/akys.kapsi.fi\/wordpress\/vetoomus-israelin-taivuttamiseksi-rauhansuunnitelmaan\/\">Vetoomus Israelin taivuttamiseksi rauhansuunnitelmaan<\/a><time datetime=\"2005-05-18T13:20:51+00:00\" class=\"wp-block-latest-posts__post-date\">18.5.2005<\/time><div class=\"wp-block-latest-posts__post-excerpt\">18.5.2005 Vetoomus Israelin taivuttamiseksi rauhansuunnitelmaan Maailmalla on syntynyt vaikutelma Israelin ja palestiinalaisten v\u00e4lien rauhoittumisesta ja v\u00e4kivallan laantumisesta. Samalla on taas virinnyt toivo Tiekartan nimell\u00e4 tunnetun rauhansuunnitelman elpymisest\u00e4.<\/div><\/li>\n<li><a class=\"wp-block-latest-posts__post-title\" href=\"https:\/\/akys.kapsi.fi\/wordpress\/vetoomus-siirtokuntatuotteiden-alkuperan-tunnistamiseksi\/\">Vetoomus siirtokuntatuotteiden alkuper\u00e4n tunnistamiseksi<\/a><time datetime=\"2005-04-18T13:22:27+00:00\" class=\"wp-block-latest-posts__post-date\">18.4.2005<\/time><div class=\"wp-block-latest-posts__post-excerpt\">18.4.2005 Vetoomus siirtokuntatuotteiden alkuper\u00e4n tunnistamiseksi Suomeenkin tuodaan tuotteita, jotka on valmistettu Israelin laittomasti miehitetyille alueille rakentamissa siirtokunnissa. Siirtokuntien tuotteet eiv\u00e4t ole oikeutettuja Euroopan unionin ja Israelin yhteisty\u00f6sopimuksen mukaisiin tullihelpotuksiin, mutta Israel on &hellip; <p class=\"link-more\"><a href=\"https:\/\/akys.kapsi.fi\/wordpress\/vetoomus-siirtokuntatuotteiden-alkuperan-tunnistamiseksi\/\" class=\"more-link\">Jatka lukemista<span class=\"screen-reader-text\"> &#8221;Vetoomus siirtokuntatuotteiden alkuper\u00e4n tunnistamiseksi&#8221;<\/span><\/a><\/p><\/div><\/li>\n<li><a class=\"wp-block-latest-posts__post-title\" href=\"https:\/\/akys.kapsi.fi\/wordpress\/vetoomus-ulkoministeriolle-israelin-hillitsemiseksi\/\">Vetoomus ulkoministeri\u00f6lle Israelin hillitsemiseksi<\/a><time datetime=\"2004-10-03T13:23:43+00:00\" class=\"wp-block-latest-posts__post-date\">3.10.2004<\/time><div class=\"wp-block-latest-posts__post-excerpt\">3.10.2004 Ulkoministeri Erkki Tuomioja Israelin ja Palestiinan konflikti on j\u00e4lleen kiihtynyt. Israel on k\u00e4ynnist\u00e4nyt massiivisten hy\u00f6kk\u00e4ysten sarjan Gazan pakolaisleireille, joissa kymmmeni\u00e4 palestiinalaisia, suurin osa aseettomia sivullisia, on saanut surmansa. Palestiinalaishallinto on julistanut &hellip; <p class=\"link-more\"><a href=\"https:\/\/akys.kapsi.fi\/wordpress\/vetoomus-ulkoministeriolle-israelin-hillitsemiseksi\/\" class=\"more-link\">Jatka lukemista<span class=\"screen-reader-text\"> &#8221;Vetoomus ulkoministeri\u00f6lle Israelin hillitsemiseksi&#8221;<\/span><\/a><\/p><\/div><\/li>\n<li><a class=\"wp-block-latest-posts__post-title\" href=\"https:\/\/akys.kapsi.fi\/wordpress\/protest-against-kidnapping-of-italian-ngo-volunteers-in-iraq\/\">Protest against kidnapping of Italian NGO volunteers in Iraq<\/a><time datetime=\"2004-09-13T13:25:30+00:00\" class=\"wp-block-latest-posts__post-date\">13.9.2004<\/time><div class=\"wp-block-latest-posts__post-excerpt\">Arabikansojen yst\u00e4vyysseura on l\u00e4hett\u00e4nyt 13.9.2004 my\u00f6t\u00e4tunnon osoituksensa italialaiselle vapaaehtoisty\u00f6t\u00e4 tekev\u00e4lle Un Ponte Per Bagdad, Silta Bagdadiin \u2013j\u00e4rjest\u00f6lle, jonka j\u00e4senet Simona Torretta ja Simona Pari on kaapattu Irakissa.<\/div><\/li>\n<li><a class=\"wp-block-latest-posts__post-title\" href=\"https:\/\/akys.kapsi.fi\/wordpress\/toimintaan-rauhan-puolesta\/\">Toimintaan rauhan puolesta<\/a><time datetime=\"2004-06-02T13:27:11+00:00\" class=\"wp-block-latest-posts__post-date\">2.6.2004<\/time><div class=\"wp-block-latest-posts__post-excerpt\">2.6.2004 Toimintaan L\u00e4hi-id\u00e4n rauhan puolesta Palestiinalaisalueiden miehitys on jatkunut jo vuosikymmeni\u00e4. Miehityksen aikaansaaman v\u00e4kivallan seurauksena on tuhansia ihmisi\u00e4 saanut surmansa ja moninkertainen m\u00e4\u00e4r\u00e4 vammautunut. Palestiinalaisten el\u00e4m\u00e4 on kurjistunut humanitaariseksi katastrofiksi ja my\u00f6s &hellip; <p class=\"link-more\"><a href=\"https:\/\/akys.kapsi.fi\/wordpress\/toimintaan-rauhan-puolesta\/\" class=\"more-link\">Jatka lukemista<span class=\"screen-reader-text\"> &#8221;Toimintaan rauhan puolesta&#8221;<\/span><\/a><\/p><\/div><\/li>\n<li><a class=\"wp-block-latest-posts__post-title\" href=\"https:\/\/akys.kapsi.fi\/wordpress\/vetoomus-suomen-kirkolle-kampanjasta-lahi-idan-rauhan-puolesta\/\">Vetoomus Suomen kirkolle kampanjasta L\u00e4hi-id\u00e4n rauhan puolesta<\/a><time datetime=\"2004-05-26T13:29:33+00:00\" class=\"wp-block-latest-posts__post-date\">26.5.2004<\/time><div class=\"wp-block-latest-posts__post-excerpt\">26.5.2004 Vetoomus Suomen kirkolle kampanjasta L\u00e4hi-id\u00e4n rauhan puolesta Palestiinalaisalueiden miehitys on jatkunut jo vuosikymmeni\u00e4. Miehityksen aikaansaaman v\u00e4kivallan seurauksena on tuhansia ihmisi\u00e4 saanut surmansa ja moninkertainen m\u00e4\u00e4r\u00e4 vammautunut. Palestiinalaisten el\u00e4m\u00e4 on kurjistunut humanitaariseksi &hellip; <p class=\"link-more\"><a href=\"https:\/\/akys.kapsi.fi\/wordpress\/vetoomus-suomen-kirkolle-kampanjasta-lahi-idan-rauhan-puolesta\/\" class=\"more-link\">Jatka lukemista<span class=\"screen-reader-text\"> &#8221;Vetoomus Suomen kirkolle kampanjasta L\u00e4hi-id\u00e4n rauhan puolesta&#8221;<\/span><\/a><\/p><\/div><\/li>\n<li><a class=\"wp-block-latest-posts__post-title\" href=\"https:\/\/akys.kapsi.fi\/wordpress\/vetoomus-siirtokuntatuotteita-koskevien-saadosten-voimaan-saattamiseksi\/\">Vetoomus siirtokuntatuotteita koskevien s\u00e4\u00e4d\u00f6sten voimaan saattamiseksi<\/a><time datetime=\"2004-05-24T13:33:02+00:00\" class=\"wp-block-latest-posts__post-date\">24.5.2004<\/time><div class=\"wp-block-latest-posts__post-excerpt\">Pyynt\u00f6 on toimitettu 24.5.2004 ulkoministerille, kauppa- ja teollisuusministerille sek\u00e4 Tullihallituksen ylijohtajalle Vetoomus Kauppa- ja teollisuusministeri\u00f6lle laittomien siirtokuntien tuotteita koskevien EU-m\u00e4\u00e4r\u00e4ysten voimaan saattamiseksi Euroopan unionin ja Israelin v\u00e4lisess\u00e4 vuonna 2001 voimaan tulleen yhteisty\u00f6sopimuksen &hellip; <p class=\"link-more\"><a href=\"https:\/\/akys.kapsi.fi\/wordpress\/vetoomus-siirtokuntatuotteita-koskevien-saadosten-voimaan-saattamiseksi\/\" class=\"more-link\">Jatka lukemista<span class=\"screen-reader-text\"> &#8221;Vetoomus siirtokuntatuotteita koskevien s\u00e4\u00e4d\u00f6sten voimaan saattamiseksi&#8221;<\/span><\/a><\/p><\/div><\/li>\n<li><a class=\"wp-block-latest-posts__post-title\" href=\"https:\/\/akys.kapsi.fi\/wordpress\/vetoomus-soklle-siirtokuntatuotteiden-myynnin-lopettamiseksi\/\">Vetoomus SOK:lle siirtokuntatuotteiden myynnin lopettamiseksi<\/a><time datetime=\"2004-03-09T13:41:17+00:00\" class=\"wp-block-latest-posts__post-date\">9.3.2004<\/time><div class=\"wp-block-latest-posts__post-excerpt\">Helsinki, 9.3.2004 Suomen osuuskauppojen keskusliitto Olemme havainneet, ett\u00e4 Sokos-tavarataloissa on myyt\u00e4v\u00e4n\u00e4 Ahava-nimisi\u00e4 kosmetiikkatuotteita. Pakkaustekstien mukaan ne on valmistanut Dead Sea Laboratories Ltd, osoite Dead Sea, Israel.<\/div><\/li>\n<li><a class=\"wp-block-latest-posts__post-title\" href=\"https:\/\/akys.kapsi.fi\/wordpress\/huomautus-yleisradiolle-palestiina-ohjelmasta\/\">Huomautus Yleisradiolle Palestiina-ohjelmasta<\/a><time datetime=\"2004-01-18T13:43:07+00:00\" class=\"wp-block-latest-posts__post-date\">18.1.2004<\/time><div class=\"wp-block-latest-posts__post-excerpt\">18.1.2004 Yleisradio Perjantaina 16.1.2004 A-piste esitti ohjelman, jossa k\u00e4siteltiin kriittisesti Suomen kehitysapuhankkeiden suunnittelua ja toteuttamista Palestiinan itsehallintoalueilla. Erityisesti puututtiin Suomen rahoittamiin oppikirjoihin, joiden sis\u00e4ll\u00f6n sanottiin pit\u00e4v\u00e4n yll\u00e4 rauhankehityksen vastaisia asenteita. Suomen valtion &hellip; <p class=\"link-more\"><a href=\"https:\/\/akys.kapsi.fi\/wordpress\/huomautus-yleisradiolle-palestiina-ohjelmasta\/\" class=\"more-link\">Jatka lukemista<span class=\"screen-reader-text\"> &#8221;Huomautus Yleisradiolle Palestiina-ohjelmasta&#8221;<\/span><\/a><\/p><\/div><\/li>\n<li><a class=\"wp-block-latest-posts__post-title\" href=\"https:\/\/akys.kapsi.fi\/wordpress\/an-appeal-for-protecting-arafat-and-the-palestinian-people\/\">An Appeal for Protecting Arafat and the Palestinian People<\/a><time datetime=\"2003-12-01T13:45:16+00:00\" class=\"wp-block-latest-posts__post-date\">1.12.2003<\/time><div class=\"wp-block-latest-posts__post-excerpt\">Arabikansojen yst\u00e4vyysseura ja Suomen Rauhanpuolustajat ovat toimittaneet 1.12.2003 YK:lle, EU:lle, USA:n presidentille ja Israelin p\u00e4\u00e4ministerille seuraavansis\u00e4lt\u00f6isen vetoomuksen An Appeal for Protecting Arafat and the Palestinian People We are terrified and deeply concerned &hellip; <p class=\"link-more\"><a href=\"https:\/\/akys.kapsi.fi\/wordpress\/an-appeal-for-protecting-arafat-and-the-palestinian-people\/\" class=\"more-link\">Jatka lukemista<span class=\"screen-reader-text\"> &#8221;An Appeal for Protecting Arafat and the Palestinian People&#8221;<\/span><\/a><\/p><\/div><\/li>\n<li><a class=\"wp-block-latest-posts__post-title\" href=\"https:\/\/akys.kapsi.fi\/wordpress\/kaikkia-palestiinalaisia-ei-voi-tappaa\/\">Kaikkia palestiinalaisia ei voi tappaa<\/a><time datetime=\"2003-05-15T13:47:10+00:00\" class=\"wp-block-latest-posts__post-date\">15.5.2003<\/time><div class=\"wp-block-latest-posts__post-excerpt\">15.5.2003 Kaikkia palestiinalaisia ei voi tappaa Israelin hallituksen p\u00e4\u00e4t\u00f6s julistaa sota palestiinalaista \u00e4\u00e4rij\u00e4rjest\u00f6\u00e4 Hamasia vastaan ja antaa armeijalle m\u00e4\u00e4r\u00e4ys sen &#8221;t\u00e4ydelliseksi pyyhkimiseksi maailmankartalta&#8221; merkitsee kuoliniskua orastaneille rauhantoiveille L\u00e4hi-id\u00e4ss\u00e4.<\/div><\/li>\n<li><a class=\"wp-block-latest-posts__post-title\" href=\"https:\/\/akys.kapsi.fi\/wordpress\/vetoomus-eun-ja-israelin-yhteistyosopimuksen-jaadyttamiseksi\/\">Vetoomus EU:n ja Israelin yhteisty\u00f6sopimuksen j\u00e4\u00e4dytt\u00e4miseksi<\/a><time datetime=\"2003-04-13T13:48:56+00:00\" class=\"wp-block-latest-posts__post-date\">13.4.2003<\/time><div class=\"wp-block-latest-posts__post-excerpt\">13.4.2003 Vetoomus Euroopan unionille EU:n ja Israelin v\u00e4lisen yhteisty\u00f6sopimuksen j\u00e4\u00e4dytt\u00e4miseksi Niin sanotun L\u00e4hi-id\u00e4n tiekartan ensimm\u00e4isen vaiheen mukaan molempien osapuolten tulee pid\u00e4tt\u00e4yty\u00e4 v\u00e4kivallasta ja Israelin tulee lopettaa siirtokuntien laajentaminen ja aloittaa niiden purkaminen. &hellip; <p class=\"link-more\"><a href=\"https:\/\/akys.kapsi.fi\/wordpress\/vetoomus-eun-ja-israelin-yhteistyosopimuksen-jaadyttamiseksi\/\" class=\"more-link\">Jatka lukemista<span class=\"screen-reader-text\"> &#8221;Vetoomus EU:n ja Israelin yhteisty\u00f6sopimuksen j\u00e4\u00e4dytt\u00e4miseksi&#8221;<\/span><\/a><\/p><\/div><\/li>\n<li><a class=\"wp-block-latest-posts__post-title\" href=\"https:\/\/akys.kapsi.fi\/wordpress\/appeal-for-a-just-solution\/\">Appeal for a Just Solution<\/a><time datetime=\"2002-09-10T13:55:21+00:00\" class=\"wp-block-latest-posts__post-date\">10.9.2002<\/time><div class=\"wp-block-latest-posts__post-excerpt\">10.9.2002 APPEAL FOR A JUST SOLUTION TO THE PALESTINE QUESTION The Palestinian people have been living in exile and under occupation in their own land for fifty-five years now. During this time, &hellip; <p class=\"link-more\"><a href=\"https:\/\/akys.kapsi.fi\/wordpress\/appeal-for-a-just-solution\/\" class=\"more-link\">Jatka lukemista<span class=\"screen-reader-text\"> &#8221;Appeal for a Just Solution&#8221;<\/span><\/a><\/p><\/div><\/li>\n<\/ul>\n\n\n<p><\/p>\n\n\n\n<p><\/p>\n\n\n\n<p><\/p>\n","protected":false},"excerpt":{"rendered":"","protected":false},"author":7,"featured_media":0,"parent":0,"menu_order":0,"comment_status":"closed","ping_status":"closed","template":"","meta":{"footnotes":""},"class_list":["post-5174","page","type-page","status-publish","hentry","entry"],"_links":{"self":[{"href":"https:\/\/akys.kapsi.fi\/wordpress\/wp-json\/wp\/v2\/pages\/5174","targetHints":{"allow":["GET"]}}],"collection":[{"href":"https:\/\/akys.kapsi.fi\/wordpress\/wp-json\/wp\/v2\/pages"}],"about":[{"href":"https:\/\/akys.kapsi.fi\/wordpress\/wp-json\/wp\/v2\/types\/page"}],"author":[{"embeddable":true,"href":"https:\/\/akys.kapsi.fi\/wordpress\/wp-json\/wp\/v2\/users\/7"}],"replies":[{"embeddable":true,"href":"https:\/\/akys.kapsi.fi\/wordpress\/wp-json\/wp\/v2\/comments?post=5174"}],"version-history":[{"count":5,"href":"https:\/\/akys.kapsi.fi\/wordpress\/wp-json\/wp\/v2\/pages\/5174\/revisions"}],"predecessor-version":[{"id":5360,"href":"https:\/\/akys.kapsi.fi\/wordpress\/wp-json\/wp\/v2\/pages\/5174\/revisions\/5360"}],"wp:attachment":[{"href":"https:\/\/akys.kapsi.fi\/wordpress\/wp-json\/wp\/v2\/media?parent=5174"}],"curies":[{"name":"wp","href":"https:\/\/api.w.org\/{rel}","templated":true}]}}